{"id":740,"date":"2025-03-26T09:22:23","date_gmt":"2025-03-26T08:22:23","guid":{"rendered":"http:\/\/parquetgallery.disstintbeta.com\/aviso-legal\/"},"modified":"2025-04-01T13:35:18","modified_gmt":"2025-04-01T11:35:18","slug":"aviso-legal","status":"publish","type":"page","link":"https:\/\/parquetgallery.com\/en\/aviso-legal\/","title":{"rendered":"Aviso legal"},"content":{"rendered":"\t\t<div data-elementor-type=\"wp-page\" data-elementor-id=\"740\" class=\"elementor elementor-740 elementor-405\" data-elementor-post-type=\"page\">\n\t\t\t\t<div class=\"elementor-element elementor-element-a762555 e-flex e-con-boxed e-con e-parent\" data-id=\"a762555\" data-element_type=\"container\" data-settings=\"{&quot;background_background&quot;:&quot;classic&quot;}\">\n\t\t\t\t\t<div class=\"e-con-inner\">\n\t\t\t\t<div class=\"elementor-element elementor-element-9b4acbf elementor-widget elementor-widget-heading\" data-id=\"9b4acbf\" data-element_type=\"widget\" data-widget_type=\"heading.default\">\n\t\t\t\t<div class=\"elementor-widget-container\">\n\t\t\t\t\t<h1 class=\"elementor-heading-title elementor-size-default\">Aviso legal<\/h1>\t\t\t\t<\/div>\n\t\t\t\t<\/div>\n\t\t\t\t\t<\/div>\n\t\t\t\t<\/div>\n\t\t<div class=\"elementor-element elementor-element-494f4bc0 e-flex e-con-boxed e-con e-parent\" data-id=\"494f4bc0\" data-element_type=\"container\">\n\t\t\t\t\t<div class=\"e-con-inner\">\n\t\t\t\t<div class=\"elementor-element elementor-element-266dfbe3 elementor-widget elementor-widget-text-editor\" data-id=\"266dfbe3\" data-element_type=\"widget\" data-widget_type=\"text-editor.default\">\n\t\t\t\t<div class=\"elementor-widget-container\">\n\t\t\t\t\t\t\t\t\t<p>1.- Titular y Responsable<\/p><p>El titular de esta web y responsable del tratamiento de esta web es <strong>Gallery avp grup SL<\/strong> (en adelante el \u201cServicio\u201d), con domicilio en<strong> C\/ Manuel Guasp 11 bjos.<\/strong><\/p><p>Correo electr\u00f3nico: <a href=\"mailto:info@parquetgallery.com\">info@parquetgallery.com<\/a><\/p><p>NIF: <strong>B75271502<\/strong><\/p><p>Si es persona jur\u00eddica:<\/p><p>(Nombre de la SL) <strong>Gallery avp grup SL<\/strong> est\u00e1 inscrita en el <strong>Registro Mercantil de Palma de Mallorca. S 8 , H PM101389, I\/A 1 <\/strong>.<\/p><p>El uso de la web atribuye la condici\u00f3n de usuario, y con ello aceptas los t\u00e9rminos y condiciones a continuaci\u00f3n indicados: estas Condiciones de Uso y Privacidad y nuestra Pol\u00edtica de Cookies.<\/p><p>1.2.- Aceptaci\u00f3n<\/p><p>La aceptaci\u00f3n de las Condiciones de Uso y Privacidad del Servicio, es condici\u00f3n necesaria para el uso de nuestra web.<\/p><p>Estas Condiciones de Uso y Privacidad regulan la recopilaci\u00f3n, tratamiento y uso de tu informaci\u00f3n personal y no personal como usuario del Servicio, a partir de la fecha de entrada en vigor que aparece en el encabezado. Asimismo, se indican las condiciones de uso de la web y sus funciones. <\/p><p>Para tratar tus datos personales, el Servicio cumple con la legislaci\u00f3n vigente, local y europea, as\u00ed como su normativa de desarrollo.<\/p><p>2.- Descripci\u00f3n y Uso del Servicio<\/p><p>El Servicio es un<strong> Constituye su objeto principal la actividad de revestimientos de suelos y paredes, siendo su -CNAE el 4333-. Tiene adem\u00e1s como objeto la realizaci\u00f3n de toda clase de obras por cuenta propia o ajena, incluso de fontaner\u00eda, electricidad, carpinter\u00eda, cristaler\u00eda, pintura, jardiner\u00eda y cerrajer\u00eda. <\/strong><\/p><p>3.- Enlaces externos<\/p><p>Puede que la web enlace hacia otros sitios web.<\/p><p>Sin embargo, no ejercemos ning\u00fan tipo de control sobre dichos sitios ni sus contenidos, que en realidad est\u00e1n sujetos a sus propios t\u00e9rminos y condiciones. Tampoco asumimos asociaci\u00f3n o responsabilidad alguna por los mismos, ni garantizamos su disponibilidad t\u00e9cnica, calidad, fiabilidad, exactitud o veracidad. <\/p><p>4.- Propiedad Intelectual e Industrial<\/p><p>El contenido y la informaci\u00f3n del Servicio (entre otros, marcas, logotipos, datos, texto, imagen o c\u00f3digo inform\u00e1tico), as\u00ed como los elementos de hardware o software utilizados para proporcionar tal contenido e informaci\u00f3n, son propiedad del Servicio o bien dispone de las autorizaciones correspondientes para su uso.<\/p><p>Por ello y en virtud de lo dispuesto en la normativa nacional y europea sobre propiedad intelectual se proh\u00edbe la modificaci\u00f3n, reproducci\u00f3n, duplicaci\u00f3n, copia, distribuci\u00f3n, venta, reventa y dem\u00e1s formas de explotaci\u00f3n para fines comerciales o equivalentes del Servicio y de su contenido.<\/p><p>Para cualquier otro uso del contenido del Servicio necesitas, con car\u00e1cter previo y por escrito, nuestro consentimiento o, seg\u00fan el caso, de los autores del contenido.<\/p><p>5.- Contenido de Usuario<\/p><p>Puedes contribuir al Servicio envi\u00e1ndonos un mensaje a nuestra direcci\u00f3n de correo electr\u00f3nico y a trav\u00e9s de los formularios de contacto disponibles en el sitio web (en adelante \u201cContenido\u201d).<\/p><p>Podemos usar tu Contenido de distintas maneras, tales como: mostrarlo en el sitio web, reformatearlo, traducirlo a otros idiomas, editarlo para aportar claridad, corregir errores, promocionarlo o distribuirlo, de acuerdo a la licencia indicada en el apartado anterior.<\/p><p>Eso significa que el contenido sigue siendo tuyo, pero el Servicio, gracias a esa licencia de uso, puede: a) usar, reproducir, modificar, adaptar, traducir, distribuir y publicar el Contenido, crear obras derivadas a partir de \u00e9l, mostrarlo y exhibirlo en todo el mundo, por cualquier medio conocido y para cualquier fin leg\u00edtimo; y b) usar el nombre que env\u00edes en relaci\u00f3n con ese Contenido.  <\/p><p>No obstante, el Servicio se reserva el derecho de no publicar aquellos contenidos o informaciones que sean falsas o contrarias a los derechos de terceros.<\/p><p>6.- Edad<\/p><p>En cuanto al uso de la web, declaras que eres mayor de edad y que dispones de la capacidad legal necesaria para vincularte por este acuerdo y utilizar el sitio de conformidad con sus t\u00e9rminos y condiciones, que comprendes y reconoces en su totalidad.<\/p><p>Declaras que toda la informaci\u00f3n que proporciones para acceder al Servicio, antes y<br>durante su utilizaci\u00f3n, es verdadera, completa y precisa.<\/p><p>7.- Protecci\u00f3n de datos<\/p><p>7.1.- Informaci\u00f3n recopilada<\/p><p>La informaci\u00f3n personal y no personal recogida cambiar\u00e1 en funci\u00f3n del uso que hagas de la p\u00e1gina web y sus caracter\u00edsticas.<\/p><p>La informaci\u00f3n personal y no personal recopilada nos llegar\u00e1 por tres v\u00edas: 1) la recopilada autom\u00e1ticamente, 2) la que nos proporciones voluntariamente y 3) la proporcionada por terceros.  <\/p><p>7.1.1.- Datos recogidos autom\u00e1ticamente<\/p><p>Esta informaci\u00f3n consistir\u00e1 en:<\/p><p>La recopilada mediante cookies o mecanismos similares almacenados en tu dispositivo, siempre con tu consentimiento. Consulta nuestra Pol\u00edtica de Cookies para m\u00e1s informaci\u00f3n. <\/p><p>La IP desde la que se realiza la conexi\u00f3n, el tipo de dispositivo usado y sus caracter\u00edsticas, la versi\u00f3n del sistema operativo, el tipo de navegador, el idioma, la fecha, el pa\u00eds, la hora de la solicitud, la URL de referencia o la red m\u00f3vil empleada, entre otros.<\/p><p>Datos de uso del sitio y posibles errores detectados durante su utilizaci\u00f3n, como p\u00e1ginas no encontradas o visualizaciones err\u00f3neas.<\/p><p>7.1.2.- Datos proporcionados voluntariamente<\/p><p>Esta informaci\u00f3n consistir\u00e1 en:<\/p><p>La informaci\u00f3n personal o no que pudieran contener los mensajes enviados a trav\u00e9s de los canales de contacto establecidos por el Servicio, por ejemplo tu nombre, correo electr\u00f3nico, tel\u00e9fono y mensaje.<\/p><p>7.1.3.- Los proporcionados por terceros<br>Esta informaci\u00f3n consistir\u00e1 en:<\/p><p>La proporcionada por redes sociales o servicios similares.<\/p><p>7.2.- Derechos<\/p><p>Te informamos que la cumplimentaci\u00f3n de los formularios tiene car\u00e1cter voluntario. Ahora bien, si no rellenas los campos obligatorios (marcados con un requerido o asterisco) el uso de algunas funciones del sitio no ser\u00e1 posible o se ver\u00e1 limitado. <\/p><p>Los datos personales que nos facilites quedar\u00e1n incorporados y ser\u00e1n tratados en los ficheros titularidad del Servicio, con el fin de poder atender tus peticiones.<\/p><p>Puedes ejercer en cualquier momento los derechos de acceso, rectificaci\u00f3n, supresi\u00f3n, limitaci\u00f3n de tu tratamiento, oposici\u00f3n y portabilidad de tus datos de car\u00e1cter personal mediante correo electr\u00f3nico dirigido a: <a class=\"\" title=\"\" href=\"https:\/\/info@negreferrer.com\/\" data-bs-original-title=\"\" aria-describedby=\"popover806479\">info@negreferrer.com<\/a> o a la direcci\u00f3n postal: <strong>Carrer de Selva, 0, 07350 Binissalem, Illes Balears.<\/strong>.<\/p><p>En ambos casos deber\u00e1s identificarte con tu nombre y apellidos, y quiz\u00e1 con una copia de tu DNI o ID nacional, si fuese necesario.<\/p><p>En el caso de que hayas otorgado el consentimiento para alguna finalidad espec\u00edfica, tienes derecho a retirar el consentimiento en cualquier momento, sin que ello afecte a la licitud del tratamiento basado en el consentimiento previo a su retirada.<\/p><p>Adem\u00e1s, si consideras que hay un problema con la forma en la que estamos manejando tus datos, puedes dirigir tus reclamaciones a la autoridad de protecci\u00f3n de datos que corresponda, siendo la Agencia Espa\u00f1ola de Protecci\u00f3n de Datos la indicada en el caso de Espa\u00f1a.<\/p><p>7.3.- Uso de los Datos<\/p><p>El Servicio usar\u00e1 los datos recopilados para:<\/p><p>Administrar y actualizar el servicio (siendo la base legal nuestro inter\u00e9s leg\u00edtimo en mantener y conservar el servicio al d\u00eda y en buen estado).<\/p><p>Atender tus peticiones, as\u00ed como resolver tus dudas (siendo la base legal nuestro inter\u00e9s leg\u00edtimo en responder y resolver las consultas de nuestros usuarios o tu consentimiento, seg\u00fan el caso y el tipo de canal de contacto).<\/p><p>Mantener la seguridad del Servicio, investigar actividades il\u00edcitas, hacer cumplir nuestros t\u00e9rminos y condiciones y ayudar a los cuerpos y fuerzas de seguridad del estado en el marco de sus eventuales investigaciones (siendo la base legal nuestro inter\u00e9s leg\u00edtimo en garantizar y mantener la seguridad del Servicio y sus usuarios).<\/p><p>Hacerte llegar nuestras \u00faltimas ofertas y promociones si te has dado de alta en nuestra bolet\u00edn de noticias (siendo la base legal tu consentimiento).<\/p><p>Asimismo, el Servicio podr\u00e1 utilizar la informaci\u00f3n personal y no personal de los usuarios en forma de datos agregados y an\u00f3nimos para mostrarlos a terceros. Tambi\u00e9n podr\u00e1 compartir estad\u00edsticas y la informaci\u00f3n demogr\u00e1fica sobre los usuarios y su utilizaci\u00f3n del Servicio con terceros. Nada de esto permitir\u00e1 a esos terceros identificarte personalmente.  <\/p><p>El Servicio no usa decisiones individuales automatizadas.<\/p><p>7.3.1.- En mails y formularios de contacto<\/p><p>La web del sitio cuenta con un cifrado TLS que permite al usuario el env\u00edo seguro de sus datos personales a trav\u00e9s de formularios de contacto de tipo est\u00e1ndar.<\/p><p>Los datos personales recogidos ser\u00e1n objeto de tratamiento automatizado e incorporados a los correspondientes ficheros del registro de actividad y de los que el Servicio es titular.<br>En ese sentido:<\/p><p>Nos llegar\u00e1 tu IP, que ser\u00e1 usada para comprobar el origen del mensaje con objeto de ofrecerte recomendaciones adecuadas (por ejemplo presentar la informaci\u00f3n en el idioma correcto) y para detectar posibles irregularidades (por ejemplo posibles intentos de ciberataque al Servicio), as\u00ed como datos relativos a tu ISP.<\/p><p>Asimismo, podr\u00e1s facilitarnos tus datos a trav\u00e9s de correo electr\u00f3nico.<\/p><p>7.3.2.- En redes sociales<\/p><p>Contamos con perfiles en algunas de las principales redes sociales de Internet, siendo el Servicio responsable del tratamiento en relaci\u00f3n con los datos publicados en las mismas (por ejemplo, fotos subidas por el Servicio en las que aparezcan caras de personas).<\/p><p>Esos datos ser\u00e1n tratados seg\u00fan la red social permita a los perfiles corporativos. Por tanto, podremos informar, cuando la ley no lo proh\u00edba, a nuestros seguidores por cualquier v\u00eda que la red social permita sobre sus actividades u ofertas, as\u00ed como prestar un servicio personalizado de atenci\u00f3n al cliente.<br>En ning\u00fan caso extraemos datos de las redes sociales, a menos que se obtuviera puntual y expresamente el consentimiento del usuario para ello. <\/p><p>Cuando debido a la propia naturaleza de las redes sociales, ejercer tus derechos dependa de la modificaci\u00f3n de tu perfil, te ayudaremos y aconsejaremos en la medida de nuestras posibilidades.<\/p><p>7.3.3.- En ofertas de empleo<\/p><p>\u00danicamente ser\u00e1n valoradas por el Servicio las solicitudes de empleo o pr\u00e1cticas que el candidato remita a trav\u00e9s de los medios correspondientes o por los dispuestos en las \u00e1reas de empleo y pr\u00e1cticas en sitios web en los que hayamos publicado una oferta concreta.<\/p><p>El resto de solicitudes ser\u00e1n rechazadas.<\/p><p>El aspirante nos autoriza a analizar los documentos que remita, todo el contenido que sea directamente accesible a trav\u00e9s de los buscadores, los perfiles que mantenga en redes sociales profesionales, los datos obtenidos en las pruebas de acceso y la informaci\u00f3n que revele en la entrevista de trabajo, con el objetivo de valorar su candidatura y poder, en su caso, ofrecerle un puesto.<\/p><p>7.4.- Conservaci\u00f3n de los datos<\/p><p>A continuaci\u00f3n se indican por cu\u00e1nto tiempo se conservan los datos tratados por el Servicio:<\/p><p>Los datos desagregados ser\u00e1n conservados sin plazo de supresi\u00f3n.<\/p><p>Los datos de los usuarios ser\u00e1n conservados hasta un plazo m\u00e1ximo de 12 meses para poder atender a sus peticiones.<\/p><p>Los datos de los clientes ser\u00e1n conservados el m\u00ednimo necesario, pudiendo mantenerse hasta:<\/p><p>5 a\u00f1os, seg\u00fan el art. 1964 del C\u00f3digo Civil (acciones personales sin plazo especial).<br>6 a\u00f1os, seg\u00fan el art. 30 del C\u00f3digo de Comercio (libros de contabilidad o factura, por ejemplo).<\/p><p>Los datos de usuarios subidos por el Servicio a p\u00e1ginas y perfiles en redes sociales se conservar\u00e1n desde que el usuario ofrece su consentimiento hasta que lo retira.<\/p><p>Los datos de los candidatos a una oferta de empleo, si el candidato no fuera seleccionado, se conservar\u00e1n durante un m\u00e1ximo de dos a\u00f1os para incorporarlos a futuras convocatorias, si el candidato lo autoriza.<\/p><p>8.- Proveedores de servicios y otros<\/p><p>Hay terceros que gestionan parte del Servicio.<\/p><p>A ellos el Servicio les exige que cumplan esta Pol\u00edtica de Privacidad en lo que les resulte aplicable y adem\u00e1s ellos deber\u00e1n tener la suya propia. No obstante, el Servicio no ser\u00e1 responsable del cumplimiento de dicha pol\u00edtica. <\/p><p>Bajo algunas circunstancias, el Servicio podr\u00e1 compartir, usar, preservar o divulgar Informaci\u00f3n Personal con terceros, de forma no agregada:<\/p><p>Para prestar el Servicio:<\/p><p>Los proveedores de servicios que prestan funciones en nuestro nombre, como por ejemplo, el alojamiento web, el control de estad\u00edsticas o el desarrollo web. Estos proveedores de servicios pueden recopilar y tener acceso a la informaci\u00f3n que les sea necesaria para desempe\u00f1ar sus funciones, pero no tienen permitido compartir o utilizar la informaci\u00f3n para ning\u00fan otro prop\u00f3sito. <\/p><p>Para cooperar con las autoridades competentes:<\/p><p>\u200bSi creemos que es razonablemente necesario para satisfacer cualquier ley, proceso legal o inter\u00e9s leg\u00edtimo. En cualquier caso, s\u00f3lo proporcionaremos la informaci\u00f3n estrictamente requerida. <\/p><p>9.- Responsabilidad<\/p><p>Hasta donde la ley lo permita, el Servicio no se hace responsable de: a) los errores u omisiones en los contenidos; b) la falta de disponibilidad de la web o; c) la transmisi\u00f3n de programas maliciosos en los contenidos, a pesar de haber adoptado todas las medidas tecnol\u00f3gicas razonables para evitarlo.   <\/p><p>10.- Modificaciones<\/p><p>El Servicio se reserva el derecho de efectuar sin previo aviso las modificaciones que considere oportunas en su web, pudiendo cambiar, suprimir o a\u00f1adir tanto los contenidos y servicios que se presten a trav\u00e9s de la misma como la forma en la que \u00e9stos aparezcan presentados.<\/p><p>Por otro lado, los presentes t\u00e9rminos y condiciones podr\u00e1n cambiar en cualquier momento. Las modificaciones entrar\u00e1n en vigor desde el momento de su publicaci\u00f3n. <\/p><p>11.- Cookies<\/p><p>Consulta nuestra Pol\u00edtica de Cookies para conocer el uso que hacemos de ellas.<\/p><p>12.- Medidas de seguridad<\/p><p>El Servicio adopta todas las medidas t\u00e9cnicas y organizativas necesarias para<br>proteger la seguridad e integridad de la informaci\u00f3n personal y no personal recopilada. Tanto frente a accesos no autorizados como su alteraci\u00f3n, p\u00e9rdida o destrucci\u00f3n accidentales. <\/p><p>En todo caso, el Servicio no puede garantizar la seguridad absoluta de la informaci\u00f3n recopilada, por lo que debes colaborar y utilizar en todo momento el sentido com\u00fan sobre la informaci\u00f3n compartida.<\/p><p>Entiendes y reconoces que, incluso despu\u00e9s de su eliminaci\u00f3n, la informaci\u00f3n personal y no personal puede permanecer visible en cach\u00e9 o si otros usuarios la han copiado o almacenado.<\/p><p>13.- Contacto<\/p><p>Si tienes dudas sobre estas condiciones de uso y privacidad, contacta con nosotros en:<\/p><p>E-mail:<a href=\"mailto:info@parquetgallery.com\"> info@parquetgallery.com<\/a><\/p><p data-last-history-steps=\"2395052386098504\">Direcci\u00f3n: <strong>C\/ Manuel Guasp 11 bjos.<\/strong><\/p>\t\t\t\t\t\t\t\t<\/div>\n\t\t\t\t<\/div>\n\t\t\t\t\t<\/div>\n\t\t\t\t<\/div>\n\t\t\t\t<\/div>\n\t\t","protected":false},"excerpt":{"rendered":"<p>Aviso legal 1.- Titular y Responsable El titular de esta web y responsable del tratamiento de esta web es Gallery avp grup SL (en adelante el \u201cServicio\u201d), con domicilio en C\/ Manuel Guasp 11 bjos. Correo electr\u00f3nico: info@parquetgallery.com NIF: B75271502 Si es persona jur\u00eddica: (Nombre de la SL) Gallery avp grup SL est\u00e1 inscrita en [&hellip;]<\/p>\n","protected":false},"author":1,"featured_media":0,"parent":0,"menu_order":0,"comment_status":"closed","ping_status":"closed","template":"","meta":{"footnotes":""},"class_list":["post-740","page","type-page","status-publish","hentry"],"yoast_head":"<!-- This site is optimized with the Yoast SEO plugin v24.8.1 - https:\/\/yoast.com\/wordpress\/plugins\/seo\/ -->\n<title>Aviso legal - Parquet Gallery<\/title>\n<meta name=\"robots\" content=\"noindex, nofollow\" \/>\n<meta property=\"og:locale\" content=\"en_US\" \/>\n<meta property=\"og:type\" content=\"article\" \/>\n<meta property=\"og:title\" content=\"Aviso legal - Parquet Gallery\" \/>\n<meta property=\"og:description\" content=\"Aviso legal 1.- Titular y Responsable El titular de esta web y responsable del tratamiento de esta web es Gallery avp grup SL (en adelante el \u201cServicio\u201d), con domicilio en C\/ Manuel Guasp 11 bjos. Correo electr\u00f3nico: info@parquetgallery.com NIF: B75271502 Si es persona jur\u00eddica: (Nombre de la SL) Gallery avp grup SL est\u00e1 inscrita en [&hellip;]\" \/>\n<meta property=\"og:url\" content=\"https:\/\/parquetgallery.com\/en\/aviso-legal\/\" \/>\n<meta property=\"og:site_name\" content=\"Parquet Gallery\" \/>\n<meta property=\"article:modified_time\" content=\"2025-04-01T11:35:18+00:00\" \/>\n<meta name=\"twitter:card\" content=\"summary_large_image\" \/>\n<meta name=\"twitter:label1\" content=\"Est. reading time\" \/>\n\t<meta name=\"twitter:data1\" content=\"12 minutes\" \/>\n<script type=\"application\/ld+json\" class=\"yoast-schema-graph\">{\"@context\":\"https:\/\/schema.org\",\"@graph\":[{\"@type\":\"WebPage\",\"@id\":\"https:\/\/parquetgallery.com\/en\/aviso-legal\/\",\"url\":\"https:\/\/parquetgallery.com\/en\/aviso-legal\/\",\"name\":\"Aviso legal - Parquet Gallery\",\"isPartOf\":{\"@id\":\"https:\/\/parquetgallery.com\/en\/#website\"},\"datePublished\":\"2025-03-26T08:22:23+00:00\",\"dateModified\":\"2025-04-01T11:35:18+00:00\",\"breadcrumb\":{\"@id\":\"https:\/\/parquetgallery.com\/en\/aviso-legal\/#breadcrumb\"},\"inLanguage\":\"en-US\",\"potentialAction\":[{\"@type\":\"ReadAction\",\"target\":[\"https:\/\/parquetgallery.com\/en\/aviso-legal\/\"]}]},{\"@type\":\"BreadcrumbList\",\"@id\":\"https:\/\/parquetgallery.com\/en\/aviso-legal\/#breadcrumb\",\"itemListElement\":[{\"@type\":\"ListItem\",\"position\":1,\"name\":\"Portada\",\"item\":\"https:\/\/parquetgallery.com\/en\/\"},{\"@type\":\"ListItem\",\"position\":2,\"name\":\"Aviso legal\"}]},{\"@type\":\"WebSite\",\"@id\":\"https:\/\/parquetgallery.com\/en\/#website\",\"url\":\"https:\/\/parquetgallery.com\/en\/\",\"name\":\"Parquet Gallery\",\"description\":\"\",\"publisher\":{\"@id\":\"https:\/\/parquetgallery.com\/en\/#organization\"},\"potentialAction\":[{\"@type\":\"SearchAction\",\"target\":{\"@type\":\"EntryPoint\",\"urlTemplate\":\"https:\/\/parquetgallery.com\/en\/?s={search_term_string}\"},\"query-input\":{\"@type\":\"PropertyValueSpecification\",\"valueRequired\":true,\"valueName\":\"search_term_string\"}}],\"inLanguage\":\"en-US\"},{\"@type\":\"Organization\",\"@id\":\"https:\/\/parquetgallery.com\/en\/#organization\",\"name\":\"Parquet Gallery\",\"url\":\"https:\/\/parquetgallery.com\/en\/\",\"logo\":{\"@type\":\"ImageObject\",\"inLanguage\":\"en-US\",\"@id\":\"https:\/\/parquetgallery.com\/en\/#\/schema\/logo\/image\/\",\"url\":\"https:\/\/parquetgallery.com\/wp-content\/uploads\/2025\/03\/logo.svg\",\"contentUrl\":\"https:\/\/parquetgallery.com\/wp-content\/uploads\/2025\/03\/logo.svg\",\"width\":177,\"height\":66,\"caption\":\"Parquet Gallery\"},\"image\":{\"@id\":\"https:\/\/parquetgallery.com\/en\/#\/schema\/logo\/image\/\"}}]}<\/script>\n<!-- \/ Yoast SEO plugin. -->","yoast_head_json":{"title":"Aviso legal - Parquet Gallery","robots":{"index":"noindex","follow":"nofollow"},"og_locale":"en_US","og_type":"article","og_title":"Aviso legal - Parquet Gallery","og_description":"Aviso legal 1.- Titular y Responsable El titular de esta web y responsable del tratamiento de esta web es Gallery avp grup SL (en adelante el \u201cServicio\u201d), con domicilio en C\/ Manuel Guasp 11 bjos. Correo electr\u00f3nico: info@parquetgallery.com NIF: B75271502 Si es persona jur\u00eddica: (Nombre de la SL) Gallery avp grup SL est\u00e1 inscrita en [&hellip;]","og_url":"https:\/\/parquetgallery.com\/en\/aviso-legal\/","og_site_name":"Parquet Gallery","article_modified_time":"2025-04-01T11:35:18+00:00","twitter_card":"summary_large_image","twitter_misc":{"Est. reading time":"12 minutes"},"schema":{"@context":"https:\/\/schema.org","@graph":[{"@type":"WebPage","@id":"https:\/\/parquetgallery.com\/en\/aviso-legal\/","url":"https:\/\/parquetgallery.com\/en\/aviso-legal\/","name":"Aviso legal - Parquet Gallery","isPartOf":{"@id":"https:\/\/parquetgallery.com\/en\/#website"},"datePublished":"2025-03-26T08:22:23+00:00","dateModified":"2025-04-01T11:35:18+00:00","breadcrumb":{"@id":"https:\/\/parquetgallery.com\/en\/aviso-legal\/#breadcrumb"},"inLanguage":"en-US","potentialAction":[{"@type":"ReadAction","target":["https:\/\/parquetgallery.com\/en\/aviso-legal\/"]}]},{"@type":"BreadcrumbList","@id":"https:\/\/parquetgallery.com\/en\/aviso-legal\/#breadcrumb","itemListElement":[{"@type":"ListItem","position":1,"name":"Portada","item":"https:\/\/parquetgallery.com\/en\/"},{"@type":"ListItem","position":2,"name":"Aviso legal"}]},{"@type":"WebSite","@id":"https:\/\/parquetgallery.com\/en\/#website","url":"https:\/\/parquetgallery.com\/en\/","name":"Parquet Gallery","description":"","publisher":{"@id":"https:\/\/parquetgallery.com\/en\/#organization"},"potentialAction":[{"@type":"SearchAction","target":{"@type":"EntryPoint","urlTemplate":"https:\/\/parquetgallery.com\/en\/?s={search_term_string}"},"query-input":{"@type":"PropertyValueSpecification","valueRequired":true,"valueName":"search_term_string"}}],"inLanguage":"en-US"},{"@type":"Organization","@id":"https:\/\/parquetgallery.com\/en\/#organization","name":"Parquet Gallery","url":"https:\/\/parquetgallery.com\/en\/","logo":{"@type":"ImageObject","inLanguage":"en-US","@id":"https:\/\/parquetgallery.com\/en\/#\/schema\/logo\/image\/","url":"https:\/\/parquetgallery.com\/wp-content\/uploads\/2025\/03\/logo.svg","contentUrl":"https:\/\/parquetgallery.com\/wp-content\/uploads\/2025\/03\/logo.svg","width":177,"height":66,"caption":"Parquet Gallery"},"image":{"@id":"https:\/\/parquetgallery.com\/en\/#\/schema\/logo\/image\/"}}]}},"_links":{"self":[{"href":"https:\/\/parquetgallery.com\/en\/wp-json\/wp\/v2\/pages\/740","targetHints":{"allow":["GET"]}}],"collection":[{"href":"https:\/\/parquetgallery.com\/en\/wp-json\/wp\/v2\/pages"}],"about":[{"href":"https:\/\/parquetgallery.com\/en\/wp-json\/wp\/v2\/types\/page"}],"author":[{"embeddable":true,"href":"https:\/\/parquetgallery.com\/en\/wp-json\/wp\/v2\/users\/1"}],"replies":[{"embeddable":true,"href":"https:\/\/parquetgallery.com\/en\/wp-json\/wp\/v2\/comments?post=740"}],"version-history":[{"count":1,"href":"https:\/\/parquetgallery.com\/en\/wp-json\/wp\/v2\/pages\/740\/revisions"}],"predecessor-version":[{"id":741,"href":"https:\/\/parquetgallery.com\/en\/wp-json\/wp\/v2\/pages\/740\/revisions\/741"}],"wp:attachment":[{"href":"https:\/\/parquetgallery.com\/en\/wp-json\/wp\/v2\/media?parent=740"}],"curies":[{"name":"wp","href":"https:\/\/api.w.org\/{rel}","templated":true}]}}