{"id":706,"date":"2025-03-19T12:47:59","date_gmt":"2025-03-19T11:47:59","guid":{"rendered":"http:\/\/parquetgallery.disstintbeta.com\/la-nostra-historia\/"},"modified":"2025-04-04T11:02:33","modified_gmt":"2025-04-04T09:02:33","slug":"la-nostra-historia","status":"publish","type":"page","link":"https:\/\/parquetgallery.com\/ca\/la-nostra-historia\/","title":{"rendered":"La nostra hist\u00f2ria"},"content":{"rendered":"\t\t<div data-elementor-type=\"wp-page\" data-elementor-id=\"706\" class=\"elementor elementor-706 elementor-134\" data-elementor-post-type=\"page\">\n\t\t\t\t<div class=\"elementor-element elementor-element-4c06cfb e-con-full e-flex e-con e-parent\" data-id=\"4c06cfb\" data-element_type=\"container\" data-settings=\"{&quot;background_background&quot;:&quot;classic&quot;}\">\n\t\t\t\t<div class=\"elementor-element elementor-element-4a31659 elementor-widget elementor-widget-heading\" data-id=\"4a31659\" data-element_type=\"widget\" data-widget_type=\"heading.default\">\n\t\t\t\t<div class=\"elementor-widget-container\">\n\t\t\t\t\t<h1 class=\"elementor-heading-title elementor-size-default\">La nostra hist\u00f2ria<\/h1>\t\t\t\t<\/div>\n\t\t\t\t<\/div>\n\t\t\t\t<\/div>\n\t\t<div class=\"elementor-element elementor-element-b7a2ea4 e-con-full e-flex e-con e-parent\" data-id=\"b7a2ea4\" data-element_type=\"container\" data-settings=\"{&quot;background_background&quot;:&quot;classic&quot;}\">\n\t\t<div class=\"elementor-element elementor-element-cb02987 e-con-full e-flex e-con e-child\" data-id=\"cb02987\" data-element_type=\"container\">\n\t\t<div class=\"elementor-element elementor-element-2db016a e-con-full elementor-hidden-tablet elementor-hidden-mobile e-flex e-con e-child\" data-id=\"2db016a\" data-element_type=\"container\" data-settings=\"{&quot;background_background&quot;:&quot;classic&quot;}\">\n\t\t\t\t<\/div>\n\t\t<div class=\"elementor-element elementor-element-0b92b3d e-con-full e-flex e-con e-child\" data-id=\"0b92b3d\" data-element_type=\"container\">\n\t\t<div class=\"elementor-element elementor-element-43e3496 e-con-full e-flex e-con e-child\" data-id=\"43e3496\" data-element_type=\"container\">\n\t\t<div class=\"elementor-element elementor-element-76f5591 e-con-full e-flex e-con e-child\" data-id=\"76f5591\" data-element_type=\"container\">\n\t\t\t\t<div class=\"elementor-element elementor-element-01556e4 elementor-widget-divider--view-line elementor-invisible elementor-widget elementor-widget-divider\" data-id=\"01556e4\" data-element_type=\"widget\" data-settings=\"{&quot;_animation&quot;:&quot;lightSpeedIn&quot;}\" data-widget_type=\"divider.default\">\n\t\t\t\t<div class=\"elementor-widget-container\">\n\t\t\t\t\t\t\t<div class=\"elementor-divider\">\n\t\t\t<span class=\"elementor-divider-separator\">\n\t\t\t\t\t\t<\/span>\n\t\t<\/div>\n\t\t\t\t\t\t<\/div>\n\t\t\t\t<\/div>\n\t\t\t\t<div class=\"elementor-element elementor-element-4cfe9e8 elementor-widget elementor-widget-heading\" data-id=\"4cfe9e8\" data-element_type=\"widget\" data-widget_type=\"heading.default\">\n\t\t\t\t<div class=\"elementor-widget-container\">\n\t\t\t\t\t<h2 class=\"elementor-heading-title elementor-size-default\">Primer de tot, volem agrair-te pels minuts que ens brindes. \u00c9s important per a nosaltres que s\u00e0pigues d'on venim i quins s\u00f3n els valors que ens defineixen.<\/h2>\t\t\t\t<\/div>\n\t\t\t\t<\/div>\n\t\t\t\t<\/div>\n\t\t<div class=\"elementor-element elementor-element-67710ce e-con-full e-flex e-con e-child\" data-id=\"67710ce\" data-element_type=\"container\">\n\t\t\t\t<div class=\"elementor-element elementor-element-516637d elementor-hidden-tablet elementor-hidden-mobile elementor-widget-divider--view-line elementor-widget elementor-widget-divider\" data-id=\"516637d\" data-element_type=\"widget\" data-widget_type=\"divider.default\">\n\t\t\t\t<div class=\"elementor-widget-container\">\n\t\t\t\t\t\t\t<div class=\"elementor-divider\">\n\t\t\t<span class=\"elementor-divider-separator\">\n\t\t\t\t\t\t<\/span>\n\t\t<\/div>\n\t\t\t\t\t\t<\/div>\n\t\t\t\t<\/div>\n\t\t\t\t<div class=\"elementor-element elementor-element-9cbdc7c elementor-widget elementor-widget-text-editor\" data-id=\"9cbdc7c\" data-element_type=\"widget\" data-widget_type=\"text-editor.default\">\n\t\t\t\t<div class=\"elementor-widget-container\">\n\t\t\t\t\t\t\t\t\t<p>A mesura que vam anar desenvolupant projectes al llarg dels anys, vam comen\u00e7ar a endinsar-nos al m\u00f3n dels terres de fusta entre d&#8217;altres com les tarimes per a exterior o materials alternatius.<\/p><p>Gr\u00e0cies a la dedicaci\u00f3 del nostre equip de t\u00e8cnics i al nostre servei especialitzat, hem pogut avan\u00e7ar, adaptant els millors materials a les necessitats dels nostres clients sempre amb la qualitat que ens caracteritza.<\/p><p>Si us interessa el proc\u00e9s artesanal de l&#8217;extracci\u00f3 i elaboraci\u00f3 de la pedra calc\u00e0ria per a arcs recercos i fioles de piscina.<\/p>\t\t\t\t\t\t\t\t<\/div>\n\t\t\t\t<\/div>\n\t\t\t\t<\/div>\n\t\t\t\t<\/div>\n\t\t<div class=\"elementor-element elementor-element-6101b44 e-con-full e-flex e-con e-child\" data-id=\"6101b44\" data-element_type=\"container\">\n\t\t<div class=\"elementor-element elementor-element-7d814e7 e-con-full e-flex e-con e-child\" data-id=\"7d814e7\" data-element_type=\"container\">\n\t\t\t\t<div class=\"elementor-element elementor-element-0ef30ed elementor-widget elementor-widget-text-editor\" data-id=\"0ef30ed\" data-element_type=\"widget\" data-widget_type=\"text-editor.default\">\n\t\t\t\t<div class=\"elementor-widget-container\">\n\t\t\t\t\t\t\t\t\t<p>Amb una s\u00f2lida arrel al m\u00f3n del marbre i les pedres calc\u00e0ries, una tradici\u00f3 que ha estat transmesa al llarg de tres generacions.<\/p><p>A dia d&#8217;avui, encara podem fer alguns treballs gr\u00e0cies a les pedreres que romanen obertes, la qual cosa forma part de la nostra hist\u00f2ria i ens segueix apassionant. La uni\u00f3 entre la pedra i la fusta \u00e9s una cosa que ens captiva profundament.<\/p>\t\t\t\t\t\t\t\t<\/div>\n\t\t\t\t<\/div>\n\t\t\t\t<\/div>\n\t\t<div class=\"elementor-element elementor-element-4eae46a e-con-full e-flex e-con e-child\" data-id=\"4eae46a\" data-element_type=\"container\">\n\t\t\t\t<div class=\"elementor-element elementor-element-34a2d0b elementor-widget elementor-widget-text-editor\" data-id=\"34a2d0b\" data-element_type=\"widget\" data-widget_type=\"text-editor.default\">\n\t\t\t\t<div class=\"elementor-widget-container\">\n\t\t\t\t\t\t\t\t\t<p>Et convidem a acompanyar-nos en aquest recorregut fascinant. Ens encantaria compartir amb tu cada detall d&#8217;aquesta feina tan especial. Si vols saber-ne m\u00e9s, no dubtis en posar-te en contacte amb nosaltres.<\/p><p>I si ho desitges podem anar a veure el proc\u00e9s d&#8217;extracci\u00f3 a les pedreres operatives.<\/p>\t\t\t\t\t\t\t\t<\/div>\n\t\t\t\t<\/div>\n\t\t\t\t<\/div>\n\t\t\t\t<\/div>\n\t\t\t\t<\/div>\n\t\t<div class=\"elementor-element elementor-element-4156f47 e-con-full elementor-hidden-tablet elementor-hidden-mobile e-flex e-con e-child\" data-id=\"4156f47\" data-element_type=\"container\" data-settings=\"{&quot;background_background&quot;:&quot;classic&quot;}\">\n\t\t\t\t<\/div>\n\t\t\t\t<\/div>\n\t\t\t\t<\/div>\n\t\t<div class=\"elementor-element elementor-element-0d13dde e-con-full e-flex e-con e-parent\" data-id=\"0d13dde\" data-element_type=\"container\" data-settings=\"{&quot;background_background&quot;:&quot;classic&quot;}\">\n\t\t\t\t<div class=\"elementor-element elementor-element-cbcb826 elementor-widget elementor-widget-image-carousel\" data-id=\"cbcb826\" data-element_type=\"widget\" data-settings=\"{&quot;slides_to_show&quot;:&quot;4&quot;,&quot;slides_to_show_tablet&quot;:&quot;3&quot;,&quot;slides_to_show_mobile&quot;:&quot;2&quot;,&quot;navigation&quot;:&quot;none&quot;,&quot;lazyload&quot;:&quot;yes&quot;,&quot;autoplay&quot;:&quot;yes&quot;,&quot;pause_on_interaction&quot;:&quot;yes&quot;,&quot;autoplay_speed&quot;:5000,&quot;infinite&quot;:&quot;yes&quot;,&quot;speed&quot;:500,&quot;image_spacing_custom&quot;:{&quot;unit&quot;:&quot;px&quot;,&quot;size&quot;:20,&quot;sizes&quot;:[]},&quot;image_spacing_custom_tablet&quot;:{&quot;unit&quot;:&quot;px&quot;,&quot;size&quot;:&quot;&quot;,&quot;sizes&quot;:[]},&quot;image_spacing_custom_mobile&quot;:{&quot;unit&quot;:&quot;px&quot;,&quot;size&quot;:&quot;&quot;,&quot;sizes&quot;:[]}}\" data-widget_type=\"image-carousel.default\">\n\t\t\t\t<div class=\"elementor-widget-container\">\n\t\t\t\t\t\t\t<div class=\"elementor-image-carousel-wrapper swiper\" role=\"region\" aria-roledescription=\"carousel\" aria-label=\"Carrusel de im\u00e1genes\" dir=\"ltr\">\n\t\t\t<div class=\"elementor-image-carousel swiper-wrapper swiper-image-stretch\" aria-live=\"off\">\n\t\t\t\t\t\t\t\t<div class=\"swiper-slide\" role=\"group\" aria-roledescription=\"slide\" aria-label=\"1 de 4\"><figure class=\"swiper-slide-inner\"><img class=\"swiper-slide-image swiper-lazy\" data-src=\"https:\/\/parquet-gallery.fra1.digitaloceanspaces.com\/wp-content\/uploads\/2025\/03\/scroll_4_1x.webp\" alt=\"Parquet Mallorca\" \/><div class=\"swiper-lazy-preloader\"><\/div><\/figure><\/div><div class=\"swiper-slide\" role=\"group\" aria-roledescription=\"slide\" aria-label=\"2 de 4\"><figure class=\"swiper-slide-inner\"><img class=\"swiper-slide-image swiper-lazy\" data-src=\"https:\/\/parquet-gallery.fra1.digitaloceanspaces.com\/wp-content\/uploads\/2025\/03\/scroll_2_1x.webp\" alt=\"Parquet Mallorca\" \/><div class=\"swiper-lazy-preloader\"><\/div><\/figure><\/div><div class=\"swiper-slide\" role=\"group\" aria-roledescription=\"slide\" aria-label=\"3 de 4\"><figure class=\"swiper-slide-inner\"><img class=\"swiper-slide-image swiper-lazy\" data-src=\"https:\/\/parquet-gallery.fra1.digitaloceanspaces.com\/wp-content\/uploads\/2025\/03\/scroll_3_1x.webp\" alt=\"Parquet Mallorca\" \/><div class=\"swiper-lazy-preloader\"><\/div><\/figure><\/div><div class=\"swiper-slide\" role=\"group\" aria-roledescription=\"slide\" aria-label=\"4 de 4\"><figure class=\"swiper-slide-inner\"><img class=\"swiper-slide-image swiper-lazy\" data-src=\"https:\/\/parquet-gallery.fra1.digitaloceanspaces.com\/wp-content\/uploads\/2025\/03\/scroll_4_1x.webp\" alt=\"Parquet Mallorca\" \/><div class=\"swiper-lazy-preloader\"><\/div><\/figure><\/div>\t\t\t<\/div>\n\t\t\t\t\t\t\t\n\t\t\t\t\t\t\t\t\t<\/div>\n\t\t\t\t\t\t<\/div>\n\t\t\t\t<\/div>\n\t\t\t\t<\/div>\n\t\t<div class=\"elementor-element elementor-element-94018a6 e-flex e-con-boxed e-con e-parent\" data-id=\"94018a6\" data-element_type=\"container\" data-settings=\"{&quot;background_background&quot;:&quot;classic&quot;}\">\n\t\t\t\t\t<div class=\"e-con-inner\">\n\t\t<div class=\"elementor-element elementor-element-bb4a509 e-con-full e-flex e-con e-child\" data-id=\"bb4a509\" data-element_type=\"container\">\n\t\t\t\t<div class=\"elementor-element elementor-element-e2d0ada elementor-widget elementor-widget-heading\" data-id=\"e2d0ada\" data-element_type=\"widget\" data-widget_type=\"heading.default\">\n\t\t\t\t<div class=\"elementor-widget-container\">\n\t\t\t\t\t<h2 class=\"elementor-heading-title elementor-size-default\">Coneix Parquet Gallery<\/h2>\t\t\t\t<\/div>\n\t\t\t\t<\/div>\n\t\t\t\t<div class=\"elementor-element elementor-element-d312369 elementor-widget elementor-widget-text-editor\" data-id=\"d312369\" data-element_type=\"widget\" data-widget_type=\"text-editor.default\">\n\t\t\t\t<div class=\"elementor-widget-container\">\n\t\t\t\t\t\t\t\t\t<p>Gallery avp grup sl. \u00c9s una empresa jove adaptada als nous materials, per\u00f2 sense oblidar les nostres arrels i principis, aportant m\u00e9s de 25 anys d&#8217;experi\u00e8ncia amb el comprom\u00eds i la dedicaci\u00f3 que ens diferencien. Per nosaltres, el m\u00e9s important \u00e9s el valor hum\u00e0, les persones que formen part daquest projecte.<\/p><p><br>Volem formar part del teu, la nostra dedicaci\u00f3 i la responsabilitat en el proc\u00e9s i execuci\u00f3 de les feines \u00e9s simplement perqu\u00e8 ens agrada el que fem. Com hem comentat al principi, el m\u00f3n de la pedra t\u00e9 un significat \u00fanic per a nosaltres, i treballem dia a dia per no perdre aquesta ess\u00e8ncia. Si t&#8217;interessa i comparteixes la nostra visi\u00f3, no dubtis a fer-nos saber el teu inter\u00e8s.<\/p>\t\t\t\t\t\t\t\t<\/div>\n\t\t\t\t<\/div>\n\t\t\t\t<\/div>\n\t\t<div class=\"elementor-element elementor-element-96003f7 e-con-full e-flex e-con e-child\" data-id=\"96003f7\" data-element_type=\"container\">\n\t\t\t\t<div class=\"elementor-element elementor-element-b987ceb elementor-widget elementor-widget-image\" data-id=\"b987ceb\" data-element_type=\"widget\" data-widget_type=\"image.default\">\n\t\t\t\t<div class=\"elementor-widget-container\">\n\t\t\t\t\t\t\t\t\t\t\t\t\t\t\t<img fetchpriority=\"high\" decoding=\"async\" width=\"475\" height=\"638\" src=\"https:\/\/parquet-gallery.fra1.digitaloceanspaces.com\/wp-content\/uploads\/2025\/03\/Imagen-de-WhatsApp-2025-01-09-a-las-19.01.27_388de287.webp\" class=\"attachment-large size-large wp-image-149\" alt=\"Parquet Mallorca\" srcset=\"https:\/\/parquet-gallery.fra1.digitaloceanspaces.com\/wp-content\/uploads\/2025\/03\/Imagen-de-WhatsApp-2025-01-09-a-las-19.01.27_388de287.webp 475w, https:\/\/parquet-gallery.fra1.digitaloceanspaces.com\/wp-content\/uploads\/2025\/03\/Imagen-de-WhatsApp-2025-01-09-a-las-19.01.27_388de287-223x300.webp 223w\" sizes=\"(max-width: 475px) 100vw, 475px\" \/>\t\t\t\t\t\t\t\t\t\t\t\t\t\t\t<\/div>\n\t\t\t\t<\/div>\n\t\t\t\t<\/div>\n\t\t\t\t\t<\/div>\n\t\t\t\t<\/div>\n\t\t<div class=\"elementor-element elementor-element-56248b4 e-flex e-con-boxed e-con e-parent\" data-id=\"56248b4\" data-element_type=\"container\" data-settings=\"{&quot;background_background&quot;:&quot;video&quot;,&quot;background_video_link&quot;:&quot;https:\\\/\\\/parquet-gallery.fra1.digitaloceanspaces.com\\\/wp-content\\\/uploads\\\/2025\\\/03\\\/6827958_Interior%20Living%20Space_Luxury%20Home_1920x1080.mp4&quot;,&quot;background_play_on_mobile&quot;:&quot;yes&quot;,&quot;background_privacy_mode&quot;:&quot;yes&quot;}\">\n\t\t\t\t\t<div class=\"e-con-inner\">\n\t\t<div class=\"elementor-background-video-container\">\n\t\t\t\t\t\t\t<video class=\"elementor-background-video-hosted\" autoplay muted playsinline loop><\/video>\n\t\t\t\t\t<\/div>\t\t<div class=\"elementor-element elementor-element-322214c elementor-widget elementor-widget-heading\" data-id=\"322214c\" data-element_type=\"widget\" data-widget_type=\"heading.default\">\n\t\t\t\t<div class=\"elementor-widget-container\">\n\t\t\t\t\t<h2 class=\"elementor-heading-title elementor-size-default\">Trieu ParquetGallery<\/h2>\t\t\t\t<\/div>\n\t\t\t\t<\/div>\n\t\t\t\t<div class=\"elementor-element elementor-element-0a0d384 elementor-widget elementor-widget-heading\" data-id=\"0a0d384\" data-element_type=\"widget\" data-widget_type=\"heading.default\">\n\t\t\t\t<div class=\"elementor-widget-container\">\n\t\t\t\t\t<h2 class=\"elementor-heading-title elementor-size-default\">Innovaci\u00f3 i tend\u00e8ncies<\/h2>\t\t\t\t<\/div>\n\t\t\t\t<\/div>\n\t\t\t\t<div class=\"elementor-element elementor-element-ef91d4b elementor-widget elementor-widget-button\" data-id=\"ef91d4b\" data-element_type=\"widget\" data-widget_type=\"button.default\">\n\t\t\t\t<div class=\"elementor-widget-container\">\n\t\t\t\t\t\t\t\t\t<div class=\"elementor-button-wrapper\">\n\t\t\t\t\t<a class=\"elementor-button elementor-button-link elementor-size-sm\" href=\"https:\/\/parquetgallery.com\/ca\/els-nostres-productes\/\">\n\t\t\t\t\t\t<span class=\"elementor-button-content-wrapper\">\n\t\t\t\t\t\t\t\t\t<span class=\"elementor-button-text\">VEURE ELS NOSTRES PRODUCTES<\/span>\n\t\t\t\t\t<\/span>\n\t\t\t\t\t<\/a>\n\t\t\t\t<\/div>\n\t\t\t\t\t\t\t\t<\/div>\n\t\t\t\t<\/div>\n\t\t\t\t\t<\/div>\n\t\t\t\t<\/div>\n\t\t\t\t<\/div>\n\t\t","protected":false},"excerpt":{"rendered":"<p>La nostra hist\u00f2ria Primer de tot, volem agrair-te pels minuts que ens brindes. \u00c9s important per a nosaltres que s\u00e0pigues d&#8217;on venim i quins s\u00f3n els valors que ens defineixen. A mesura que vam anar desenvolupant projectes al llarg dels anys, vam comen\u00e7ar a endinsar-nos al m\u00f3n dels terres de fusta entre d&#8217;altres com les [&hellip;]<\/p>\n","protected":false},"author":1,"featured_media":0,"parent":0,"menu_order":0,"comment_status":"closed","ping_status":"closed","template":"","meta":{"footnotes":""},"class_list":["post-706","page","type-page","status-publish","hentry"],"yoast_head":"<!-- This site is optimized with the Yoast SEO plugin v24.8.1 - https:\/\/yoast.com\/wordpress\/plugins\/seo\/ -->\n<title>La nostra Hist\u00f2ria | Parquet Gallery<\/title>\n<meta name=\"description\" content=\"Coneix la traject\u00f2ria de Parquet Gallery: tres generacions dedicades a la pedra natural i la fusta, combinant tradici\u00f3, qualitat i comprom\u00eds artesanal.\" \/>\n<meta name=\"robots\" content=\"index, follow, max-snippet:-1, max-image-preview:large, max-video-preview:-1\" \/>\n<link rel=\"canonical\" href=\"https:\/\/parquetgallery.com\/ca\/la-nostra-historia\/\" \/>\n<meta property=\"og:locale\" content=\"ca_ES\" \/>\n<meta property=\"og:type\" content=\"article\" \/>\n<meta property=\"og:title\" content=\"La nostra Hist\u00f2ria | Parquet Gallery\" \/>\n<meta property=\"og:description\" content=\"Coneix la traject\u00f2ria de Parquet Gallery: tres generacions dedicades a la pedra natural i la fusta, combinant tradici\u00f3, qualitat i comprom\u00eds artesanal.\" \/>\n<meta property=\"og:url\" content=\"https:\/\/parquetgallery.com\/ca\/la-nostra-historia\/\" \/>\n<meta property=\"og:site_name\" content=\"Parquet Gallery\" \/>\n<meta property=\"article:modified_time\" content=\"2025-04-04T09:02:33+00:00\" \/>\n<meta property=\"og:image\" content=\"https:\/\/parquetgallery.com\/wp-content\/uploads\/2025\/03\/scroll_4_1x.webp\" \/>\n<meta name=\"twitter:card\" content=\"summary_large_image\" \/>\n<meta name=\"twitter:label1\" content=\"Temps estimat de lectura\" \/>\n\t<meta name=\"twitter:data1\" content=\"2 minuts\" \/>\n<script type=\"application\/ld+json\" class=\"yoast-schema-graph\">{\"@context\":\"https:\/\/schema.org\",\"@graph\":[{\"@type\":\"WebPage\",\"@id\":\"https:\/\/parquetgallery.com\/ca\/la-nostra-historia\/\",\"url\":\"https:\/\/parquetgallery.com\/ca\/la-nostra-historia\/\",\"name\":\"La nostra Hist\u00f2ria | Parquet Gallery\",\"isPartOf\":{\"@id\":\"https:\/\/parquetgallery.com\/ca\/#website\"},\"primaryImageOfPage\":{\"@id\":\"https:\/\/parquetgallery.com\/ca\/la-nostra-historia\/#primaryimage\"},\"image\":{\"@id\":\"https:\/\/parquetgallery.com\/ca\/la-nostra-historia\/#primaryimage\"},\"thumbnailUrl\":\"https:\/\/parquetgallery.com\/wp-content\/uploads\/2025\/03\/scroll_4_1x.webp\",\"datePublished\":\"2025-03-19T11:47:59+00:00\",\"dateModified\":\"2025-04-04T09:02:33+00:00\",\"description\":\"Coneix la traject\u00f2ria de Parquet Gallery: tres generacions dedicades a la pedra natural i la fusta, combinant tradici\u00f3, qualitat i comprom\u00eds artesanal.\",\"breadcrumb\":{\"@id\":\"https:\/\/parquetgallery.com\/ca\/la-nostra-historia\/#breadcrumb\"},\"inLanguage\":\"ca\",\"potentialAction\":[{\"@type\":\"ReadAction\",\"target\":[\"https:\/\/parquetgallery.com\/ca\/la-nostra-historia\/\"]}]},{\"@type\":\"ImageObject\",\"inLanguage\":\"ca\",\"@id\":\"https:\/\/parquetgallery.com\/ca\/la-nostra-historia\/#primaryimage\",\"url\":\"https:\/\/parquetgallery.com\/wp-content\/uploads\/2025\/03\/scroll_4_1x.webp\",\"contentUrl\":\"https:\/\/parquetgallery.com\/wp-content\/uploads\/2025\/03\/scroll_4_1x.webp\"},{\"@type\":\"BreadcrumbList\",\"@id\":\"https:\/\/parquetgallery.com\/ca\/la-nostra-historia\/#breadcrumb\",\"itemListElement\":[{\"@type\":\"ListItem\",\"position\":1,\"name\":\"Portada\",\"item\":\"https:\/\/parquetgallery.com\/ca\/\"},{\"@type\":\"ListItem\",\"position\":2,\"name\":\"La nostra hist\u00f2ria\"}]},{\"@type\":\"WebSite\",\"@id\":\"https:\/\/parquetgallery.com\/ca\/#website\",\"url\":\"https:\/\/parquetgallery.com\/ca\/\",\"name\":\"Parquet Gallery\",\"description\":\"\",\"publisher\":{\"@id\":\"https:\/\/parquetgallery.com\/ca\/#organization\"},\"potentialAction\":[{\"@type\":\"SearchAction\",\"target\":{\"@type\":\"EntryPoint\",\"urlTemplate\":\"https:\/\/parquetgallery.com\/ca\/?s={search_term_string}\"},\"query-input\":{\"@type\":\"PropertyValueSpecification\",\"valueRequired\":true,\"valueName\":\"search_term_string\"}}],\"inLanguage\":\"ca\"},{\"@type\":\"Organization\",\"@id\":\"https:\/\/parquetgallery.com\/ca\/#organization\",\"name\":\"Parquet Gallery\",\"url\":\"https:\/\/parquetgallery.com\/ca\/\",\"logo\":{\"@type\":\"ImageObject\",\"inLanguage\":\"ca\",\"@id\":\"https:\/\/parquetgallery.com\/ca\/#\/schema\/logo\/image\/\",\"url\":\"https:\/\/parquetgallery.com\/wp-content\/uploads\/2025\/03\/logo.svg\",\"contentUrl\":\"https:\/\/parquetgallery.com\/wp-content\/uploads\/2025\/03\/logo.svg\",\"width\":177,\"height\":66,\"caption\":\"Parquet Gallery\"},\"image\":{\"@id\":\"https:\/\/parquetgallery.com\/ca\/#\/schema\/logo\/image\/\"}}]}<\/script>\n<!-- \/ Yoast SEO plugin. -->","yoast_head_json":{"title":"La nostra Hist\u00f2ria | Parquet Gallery","description":"Coneix la traject\u00f2ria de Parquet Gallery: tres generacions dedicades a la pedra natural i la fusta, combinant tradici\u00f3, qualitat i comprom\u00eds artesanal.","robots":{"index":"index","follow":"follow","max-snippet":"max-snippet:-1","max-image-preview":"max-image-preview:large","max-video-preview":"max-video-preview:-1"},"canonical":"https:\/\/parquetgallery.com\/ca\/la-nostra-historia\/","og_locale":"ca_ES","og_type":"article","og_title":"La nostra Hist\u00f2ria | Parquet Gallery","og_description":"Coneix la traject\u00f2ria de Parquet Gallery: tres generacions dedicades a la pedra natural i la fusta, combinant tradici\u00f3, qualitat i comprom\u00eds artesanal.","og_url":"https:\/\/parquetgallery.com\/ca\/la-nostra-historia\/","og_site_name":"Parquet Gallery","article_modified_time":"2025-04-04T09:02:33+00:00","og_image":[{"url":"https:\/\/parquetgallery.com\/wp-content\/uploads\/2025\/03\/scroll_4_1x.webp","type":"","width":"","height":""}],"twitter_card":"summary_large_image","twitter_misc":{"Temps estimat de lectura":"2 minuts"},"schema":{"@context":"https:\/\/schema.org","@graph":[{"@type":"WebPage","@id":"https:\/\/parquetgallery.com\/ca\/la-nostra-historia\/","url":"https:\/\/parquetgallery.com\/ca\/la-nostra-historia\/","name":"La nostra Hist\u00f2ria | Parquet Gallery","isPartOf":{"@id":"https:\/\/parquetgallery.com\/ca\/#website"},"primaryImageOfPage":{"@id":"https:\/\/parquetgallery.com\/ca\/la-nostra-historia\/#primaryimage"},"image":{"@id":"https:\/\/parquetgallery.com\/ca\/la-nostra-historia\/#primaryimage"},"thumbnailUrl":"https:\/\/parquetgallery.com\/wp-content\/uploads\/2025\/03\/scroll_4_1x.webp","datePublished":"2025-03-19T11:47:59+00:00","dateModified":"2025-04-04T09:02:33+00:00","description":"Coneix la traject\u00f2ria de Parquet Gallery: tres generacions dedicades a la pedra natural i la fusta, combinant tradici\u00f3, qualitat i comprom\u00eds artesanal.","breadcrumb":{"@id":"https:\/\/parquetgallery.com\/ca\/la-nostra-historia\/#breadcrumb"},"inLanguage":"ca","potentialAction":[{"@type":"ReadAction","target":["https:\/\/parquetgallery.com\/ca\/la-nostra-historia\/"]}]},{"@type":"ImageObject","inLanguage":"ca","@id":"https:\/\/parquetgallery.com\/ca\/la-nostra-historia\/#primaryimage","url":"https:\/\/parquetgallery.com\/wp-content\/uploads\/2025\/03\/scroll_4_1x.webp","contentUrl":"https:\/\/parquetgallery.com\/wp-content\/uploads\/2025\/03\/scroll_4_1x.webp"},{"@type":"BreadcrumbList","@id":"https:\/\/parquetgallery.com\/ca\/la-nostra-historia\/#breadcrumb","itemListElement":[{"@type":"ListItem","position":1,"name":"Portada","item":"https:\/\/parquetgallery.com\/ca\/"},{"@type":"ListItem","position":2,"name":"La nostra hist\u00f2ria"}]},{"@type":"WebSite","@id":"https:\/\/parquetgallery.com\/ca\/#website","url":"https:\/\/parquetgallery.com\/ca\/","name":"Parquet Gallery","description":"","publisher":{"@id":"https:\/\/parquetgallery.com\/ca\/#organization"},"potentialAction":[{"@type":"SearchAction","target":{"@type":"EntryPoint","urlTemplate":"https:\/\/parquetgallery.com\/ca\/?s={search_term_string}"},"query-input":{"@type":"PropertyValueSpecification","valueRequired":true,"valueName":"search_term_string"}}],"inLanguage":"ca"},{"@type":"Organization","@id":"https:\/\/parquetgallery.com\/ca\/#organization","name":"Parquet Gallery","url":"https:\/\/parquetgallery.com\/ca\/","logo":{"@type":"ImageObject","inLanguage":"ca","@id":"https:\/\/parquetgallery.com\/ca\/#\/schema\/logo\/image\/","url":"https:\/\/parquetgallery.com\/wp-content\/uploads\/2025\/03\/logo.svg","contentUrl":"https:\/\/parquetgallery.com\/wp-content\/uploads\/2025\/03\/logo.svg","width":177,"height":66,"caption":"Parquet Gallery"},"image":{"@id":"https:\/\/parquetgallery.com\/ca\/#\/schema\/logo\/image\/"}}]}},"_links":{"self":[{"href":"https:\/\/parquetgallery.com\/ca\/wp-json\/wp\/v2\/pages\/706","targetHints":{"allow":["GET"]}}],"collection":[{"href":"https:\/\/parquetgallery.com\/ca\/wp-json\/wp\/v2\/pages"}],"about":[{"href":"https:\/\/parquetgallery.com\/ca\/wp-json\/wp\/v2\/types\/page"}],"author":[{"embeddable":true,"href":"https:\/\/parquetgallery.com\/ca\/wp-json\/wp\/v2\/users\/1"}],"replies":[{"embeddable":true,"href":"https:\/\/parquetgallery.com\/ca\/wp-json\/wp\/v2\/comments?post=706"}],"version-history":[{"count":2,"href":"https:\/\/parquetgallery.com\/ca\/wp-json\/wp\/v2\/pages\/706\/revisions"}],"predecessor-version":[{"id":816,"href":"https:\/\/parquetgallery.com\/ca\/wp-json\/wp\/v2\/pages\/706\/revisions\/816"}],"wp:attachment":[{"href":"https:\/\/parquetgallery.com\/ca\/wp-json\/wp\/v2\/media?parent=706"}],"curies":[{"name":"wp","href":"https:\/\/api.w.org\/{rel}","templated":true}]}}