{"id":700,"date":"2025-03-18T14:40:05","date_gmt":"2025-03-18T13:40:05","guid":{"rendered":"http:\/\/parquetgallery.disstintbeta.com\/inici\/"},"modified":"2025-04-04T11:00:28","modified_gmt":"2025-04-04T09:00:28","slug":"inici","status":"publish","type":"page","link":"https:\/\/parquetgallery.com\/ca\/","title":{"rendered":"Inici"},"content":{"rendered":"\t\t<div data-elementor-type=\"wp-page\" data-elementor-id=\"700\" class=\"elementor elementor-700 elementor-2\" data-elementor-post-type=\"page\">\n\t\t\t\t<div class=\"elementor-element elementor-element-4c06cfb e-con-full e-flex e-con e-parent\" data-id=\"4c06cfb\" data-element_type=\"container\" data-settings=\"{&quot;background_background&quot;:&quot;classic&quot;}\">\n\t\t\t\t<\/div>\n\t\t<div class=\"elementor-element elementor-element-683c445 e-con-full e-flex e-con e-parent\" data-id=\"683c445\" data-element_type=\"container\" data-settings=\"{&quot;background_background&quot;:&quot;classic&quot;}\">\n\t\t<div class=\"elementor-element elementor-element-5704c3b e-con-full elementor-hidden-tablet elementor-hidden-mobile e-flex e-con e-child\" data-id=\"5704c3b\" data-element_type=\"container\" data-settings=\"{&quot;background_background&quot;:&quot;classic&quot;}\">\n\t\t\t\t<\/div>\n\t\t<div class=\"elementor-element elementor-element-2c834b6 e-flex e-con-boxed e-con e-child\" data-id=\"2c834b6\" data-element_type=\"container\">\n\t\t\t\t\t<div class=\"e-con-inner\">\n\t\t<div class=\"elementor-element elementor-element-36bf29f e-con-full e-flex e-con e-child\" data-id=\"36bf29f\" data-element_type=\"container\">\n\t\t\t\t<div class=\"elementor-element elementor-element-39ef32f elementor-widget-divider--view-line elementor-invisible elementor-widget elementor-widget-divider\" data-id=\"39ef32f\" data-element_type=\"widget\" data-settings=\"{&quot;_animation&quot;:&quot;lightSpeedIn&quot;}\" data-widget_type=\"divider.default\">\n\t\t\t\t<div class=\"elementor-widget-container\">\n\t\t\t\t\t\t\t<div class=\"elementor-divider\">\n\t\t\t<span class=\"elementor-divider-separator\">\n\t\t\t\t\t\t<\/span>\n\t\t<\/div>\n\t\t\t\t\t\t<\/div>\n\t\t\t\t<\/div>\n\t\t\t\t<div class=\"elementor-element elementor-element-ea7b20c elementor-widget elementor-widget-heading\" data-id=\"ea7b20c\" data-element_type=\"widget\" data-widget_type=\"heading.default\">\n\t\t\t\t<div class=\"elementor-widget-container\">\n\t\t\t\t\t<h1 class=\"elementor-heading-title elementor-size-default\">ParquetGallery som una empresa especialitzada en instal\u00b7lacions de paviments naturals i revestiments<\/h1>\t\t\t\t<\/div>\n\t\t\t\t<\/div>\n\t\t\t\t<\/div>\n\t\t<div class=\"elementor-element elementor-element-74e3c49 e-con-full e-flex e-con e-child\" data-id=\"74e3c49\" data-element_type=\"container\">\n\t\t\t\t<div class=\"elementor-element elementor-element-f05d347 elementor-hidden-tablet elementor-hidden-mobile elementor-widget-divider--view-line elementor-widget elementor-widget-divider\" data-id=\"f05d347\" data-element_type=\"widget\" data-widget_type=\"divider.default\">\n\t\t\t\t<div class=\"elementor-widget-container\">\n\t\t\t\t\t\t\t<div class=\"elementor-divider\">\n\t\t\t<span class=\"elementor-divider-separator\">\n\t\t\t\t\t\t<\/span>\n\t\t<\/div>\n\t\t\t\t\t\t<\/div>\n\t\t\t\t<\/div>\n\t\t\t\t<div class=\"elementor-element elementor-element-ccdca92 elementor-widget elementor-widget-text-editor\" data-id=\"ccdca92\" data-element_type=\"widget\" data-widget_type=\"text-editor.default\">\n\t\t\t\t<div class=\"elementor-widget-container\">\n\t\t\t\t\t\t\t\t\t<p>El valor hum\u00e0 \u00e9s el nostre major diferencial i els m\u00e9s de 25 anys d&#8217;experi\u00e8ncia a les nostres esquenes. Treballem amb empreses nacionals i internacionals amb la finalitat de posar a la vostra disposici\u00f3 els millors materials i les darreres tend\u00e8ncies que complementen de manera molt personal i exclusiva en cadascuna de les caracter\u00edstiques dels projectes que col\u00b7laborem, ens agraden els detalls per aix\u00f2 hem incorporat un servei de tall per control num\u00e8ric que ens d\u00f3na a possibilitat de realitzar qualsevol projecte personalitzat.<\/p>\t\t\t\t\t\t\t\t<\/div>\n\t\t\t\t<\/div>\n\t\t\t\t<\/div>\n\t\t\t\t\t<\/div>\n\t\t\t\t<\/div>\n\t\t<div class=\"elementor-element elementor-element-6b910de e-con-full elementor-hidden-tablet elementor-hidden-mobile e-flex e-con e-child\" data-id=\"6b910de\" data-element_type=\"container\" data-settings=\"{&quot;background_background&quot;:&quot;classic&quot;}\">\n\t\t\t\t<\/div>\n\t\t\t\t<\/div>\n\t\t<div class=\"elementor-element elementor-element-d23adbc e-con-full e-flex e-con e-parent\" data-id=\"d23adbc\" data-element_type=\"container\" data-settings=\"{&quot;background_background&quot;:&quot;classic&quot;}\">\n\t\t<div class=\"elementor-element elementor-element-297e082 e-con-full e-flex e-con e-child\" data-id=\"297e082\" data-element_type=\"container\">\n\t\t\t\t<div class=\"elementor-element elementor-element-02e5f2b elementor-widget elementor-widget-image\" data-id=\"02e5f2b\" data-element_type=\"widget\" data-widget_type=\"image.default\">\n\t\t\t\t<div class=\"elementor-widget-container\">\n\t\t\t\t\t\t\t\t\t\t\t\t\t\t\t<img fetchpriority=\"high\" decoding=\"async\" width=\"1100\" height=\"768\" src=\"https:\/\/parquet-gallery.fra1.digitaloceanspaces.com\/wp-content\/uploads\/2025\/03\/banner-naturales-e1742895679848.webp\" class=\"attachment-full size-full wp-image-252\" alt=\"Suelos de madera Mallorca\" srcset=\"https:\/\/parquet-gallery.fra1.digitaloceanspaces.com\/wp-content\/uploads\/2025\/03\/banner-naturales-e1742895679848.webp 1100w, https:\/\/parquet-gallery.fra1.digitaloceanspaces.com\/wp-content\/uploads\/2025\/03\/banner-naturales-e1742895679848-300x209.webp 300w, https:\/\/parquet-gallery.fra1.digitaloceanspaces.com\/wp-content\/uploads\/2025\/03\/banner-naturales-e1742895679848-1024x715.webp 1024w, https:\/\/parquet-gallery.fra1.digitaloceanspaces.com\/wp-content\/uploads\/2025\/03\/banner-naturales-e1742895679848-768x536.webp 768w\" sizes=\"(max-width: 1100px) 100vw, 1100px\" \/>\t\t\t\t\t\t\t\t\t\t\t\t\t\t\t<\/div>\n\t\t\t\t<\/div>\n\t\t\t\t<\/div>\n\t\t<div class=\"elementor-element elementor-element-b062389 e-con-full e-flex e-con e-child\" data-id=\"b062389\" data-element_type=\"container\">\n\t\t\t\t<div class=\"elementor-element elementor-element-0d27629 elementor-widget__width-initial elementor-widget elementor-widget-text-editor\" data-id=\"0d27629\" data-element_type=\"widget\" data-widget_type=\"text-editor.default\">\n\t\t\t\t<div class=\"elementor-widget-container\">\n\t\t\t\t\t\t\t\t\t<p>Treballem amb empreses que gestionen els recursos naturals.<\/p>\t\t\t\t\t\t\t\t<\/div>\n\t\t\t\t<\/div>\n\t\t\t\t<\/div>\n\t\t\t\t<\/div>\n\t\t<div class=\"elementor-element elementor-element-49e3aac e-con-full e-flex e-con e-parent\" data-id=\"49e3aac\" data-element_type=\"container\" data-settings=\"{&quot;background_background&quot;:&quot;classic&quot;}\">\n\t\t<div class=\"elementor-element elementor-element-c28235d e-con-full e-flex e-con e-child\" data-id=\"c28235d\" data-element_type=\"container\">\n\t\t\t\t<div class=\"elementor-element elementor-element-ff32eb5 elementor-widget elementor-widget-heading\" data-id=\"ff32eb5\" data-element_type=\"widget\" data-widget_type=\"heading.default\">\n\t\t\t\t<div class=\"elementor-widget-container\">\n\t\t\t\t\t<h2 class=\"elementor-heading-title elementor-size-default\">Com treballem el teu projecte.<\/h2>\t\t\t\t<\/div>\n\t\t\t\t<\/div>\n\t\t\t\t<\/div>\n\t\t<div class=\"elementor-element elementor-element-74af36c e-con-full e-flex e-con e-child\" data-id=\"74af36c\" data-element_type=\"container\" data-settings=\"{&quot;background_background&quot;:&quot;classic&quot;}\">\n\t\t<div class=\"elementor-element elementor-element-8edbc44 e-con-full e-flex e-con e-child\" data-id=\"8edbc44\" data-element_type=\"container\">\n\t\t\t\t<div class=\"elementor-element elementor-element-822ce4f elementor-hidden-desktop elementor-hidden-tablet elementor-widget elementor-widget-image\" data-id=\"822ce4f\" data-element_type=\"widget\" data-widget_type=\"image.default\">\n\t\t\t\t<div class=\"elementor-widget-container\">\n\t\t\t\t\t\t\t\t\t\t\t\t\t\t\t<img decoding=\"async\" width=\"800\" height=\"476\" src=\"https:\/\/parquet-gallery.fra1.digitaloceanspaces.com\/wp-content\/uploads\/2025\/03\/modern-style-conceptual-interior-empty-room-3-d-illustration-1-1.webp\" class=\"attachment-large size-large wp-image-45\" alt=\"Instalaci\u00f3n de parquet Mallorca\" srcset=\"https:\/\/parquet-gallery.fra1.digitaloceanspaces.com\/wp-content\/uploads\/2025\/03\/modern-style-conceptual-interior-empty-room-3-d-illustration-1-1.webp 1000w, https:\/\/parquet-gallery.fra1.digitaloceanspaces.com\/wp-content\/uploads\/2025\/03\/modern-style-conceptual-interior-empty-room-3-d-illustration-1-1-300x179.webp 300w, https:\/\/parquet-gallery.fra1.digitaloceanspaces.com\/wp-content\/uploads\/2025\/03\/modern-style-conceptual-interior-empty-room-3-d-illustration-1-1-768x457.webp 768w\" sizes=\"(max-width: 800px) 100vw, 800px\" \/>\t\t\t\t\t\t\t\t\t\t\t\t\t\t\t<\/div>\n\t\t\t\t<\/div>\n\t\t\t\t<\/div>\n\t\t<div class=\"elementor-element elementor-element-b0a9dd0 e-con-full animated-slow e-flex elementor-invisible e-con e-child\" data-id=\"b0a9dd0\" data-element_type=\"container\" data-settings=\"{&quot;background_background&quot;:&quot;classic&quot;,&quot;animation&quot;:&quot;fadeIn&quot;}\">\n\t\t\t\t<div class=\"elementor-element elementor-element-3d7f5ba elementor-widget elementor-widget-heading\" data-id=\"3d7f5ba\" data-element_type=\"widget\" data-widget_type=\"heading.default\">\n\t\t\t\t<div class=\"elementor-widget-container\">\n\t\t\t\t\t<span class=\"elementor-heading-title elementor-size-default\">I<\/span>\t\t\t\t<\/div>\n\t\t\t\t<\/div>\n\t\t\t\t<div class=\"elementor-element elementor-element-8e02987 elementor-widget-divider--view-line elementor-widget elementor-widget-divider\" data-id=\"8e02987\" data-element_type=\"widget\" data-widget_type=\"divider.default\">\n\t\t\t\t<div class=\"elementor-widget-container\">\n\t\t\t\t\t\t\t<div class=\"elementor-divider\">\n\t\t\t<span class=\"elementor-divider-separator\">\n\t\t\t\t\t\t<\/span>\n\t\t<\/div>\n\t\t\t\t\t\t<\/div>\n\t\t\t\t<\/div>\n\t\t\t\t<div class=\"elementor-element elementor-element-14e2b31 elementor-widget elementor-widget-heading\" data-id=\"14e2b31\" data-element_type=\"widget\" data-widget_type=\"heading.default\">\n\t\t\t\t<div class=\"elementor-widget-container\">\n\t\t\t\t\t<h3 class=\"elementor-heading-title elementor-size-default\">Explica'ns el teu projecte<\/h3>\t\t\t\t<\/div>\n\t\t\t\t<\/div>\n\t\t\t\t<div class=\"elementor-element elementor-element-e8ec6e2 elementor-widget elementor-widget-text-editor\" data-id=\"e8ec6e2\" data-element_type=\"widget\" data-widget_type=\"text-editor.default\">\n\t\t\t\t<div class=\"elementor-widget-container\">\n\t\t\t\t\t\t\t\t\t<p>Un dels nostres t\u00e8cnics es posar\u00e0 en contacte amb tu i et presentar\u00e0 les opcions t\u00e8cniques m\u00e9s adients al teu projecte.<\/p>\t\t\t\t\t\t\t\t<\/div>\n\t\t\t\t<\/div>\n\t\t\t\t<div class=\"elementor-element elementor-element-4b7364a elementor-widget elementor-widget-heading\" data-id=\"4b7364a\" data-element_type=\"widget\" data-widget_type=\"heading.default\">\n\t\t\t\t<div class=\"elementor-widget-container\">\n\t\t\t\t\t<span class=\"elementor-heading-title elementor-size-default\">II<\/span>\t\t\t\t<\/div>\n\t\t\t\t<\/div>\n\t\t\t\t<div class=\"elementor-element elementor-element-7931f82 elementor-widget-divider--view-line elementor-widget elementor-widget-divider\" data-id=\"7931f82\" data-element_type=\"widget\" data-widget_type=\"divider.default\">\n\t\t\t\t<div class=\"elementor-widget-container\">\n\t\t\t\t\t\t\t<div class=\"elementor-divider\">\n\t\t\t<span class=\"elementor-divider-separator\">\n\t\t\t\t\t\t<\/span>\n\t\t<\/div>\n\t\t\t\t\t\t<\/div>\n\t\t\t\t<\/div>\n\t\t\t\t<div class=\"elementor-element elementor-element-e810c5c elementor-widget elementor-widget-heading\" data-id=\"e810c5c\" data-element_type=\"widget\" data-widget_type=\"heading.default\">\n\t\t\t\t<div class=\"elementor-widget-container\">\n\t\t\t\t\t<h3 class=\"elementor-heading-title elementor-size-default\">Presentaci\u00f3 de pressupost i terminis de lliurament.<\/h3>\t\t\t\t<\/div>\n\t\t\t\t<\/div>\n\t\t\t\t<div class=\"elementor-element elementor-element-d832192 elementor-widget elementor-widget-text-editor\" data-id=\"d832192\" data-element_type=\"widget\" data-widget_type=\"text-editor.default\">\n\t\t\t\t<div class=\"elementor-widget-container\">\n\t\t\t\t\t\t\t\t\t<p>Coordinarem els terminis adaptats a les necessitats que tinguis.<\/p>\t\t\t\t\t\t\t\t<\/div>\n\t\t\t\t<\/div>\n\t\t\t\t<div class=\"elementor-element elementor-element-0b81d80 elementor-widget elementor-widget-heading\" data-id=\"0b81d80\" data-element_type=\"widget\" data-widget_type=\"heading.default\">\n\t\t\t\t<div class=\"elementor-widget-container\">\n\t\t\t\t\t<span class=\"elementor-heading-title elementor-size-default\">III<\/span>\t\t\t\t<\/div>\n\t\t\t\t<\/div>\n\t\t\t\t<div class=\"elementor-element elementor-element-0e7a90b elementor-widget-divider--view-line elementor-widget elementor-widget-divider\" data-id=\"0e7a90b\" data-element_type=\"widget\" data-widget_type=\"divider.default\">\n\t\t\t\t<div class=\"elementor-widget-container\">\n\t\t\t\t\t\t\t<div class=\"elementor-divider\">\n\t\t\t<span class=\"elementor-divider-separator\">\n\t\t\t\t\t\t<\/span>\n\t\t<\/div>\n\t\t\t\t\t\t<\/div>\n\t\t\t\t<\/div>\n\t\t\t\t<div class=\"elementor-element elementor-element-e304283 elementor-widget elementor-widget-heading\" data-id=\"e304283\" data-element_type=\"widget\" data-widget_type=\"heading.default\">\n\t\t\t\t<div class=\"elementor-widget-container\">\n\t\t\t\t\t<h3 class=\"elementor-heading-title elementor-size-default\">Gestionarem la instal\u00b7laci\u00f3.  <\/h3>\t\t\t\t<\/div>\n\t\t\t\t<\/div>\n\t\t\t\t<div class=\"elementor-element elementor-element-821474a elementor-widget elementor-widget-text-editor\" data-id=\"821474a\" data-element_type=\"widget\" data-widget_type=\"text-editor.default\">\n\t\t\t\t<div class=\"elementor-widget-container\">\n\t\t\t\t\t\t\t\t\t<p>Treballarem al teu projecte i la seva instal\u00b7laci\u00f3 de la forma m\u00e9s eficient.<\/p>\t\t\t\t\t\t\t\t<\/div>\n\t\t\t\t<\/div>\n\t\t\t\t<div class=\"elementor-element elementor-element-65fd203 elementor-widget elementor-widget-heading\" data-id=\"65fd203\" data-element_type=\"widget\" data-widget_type=\"heading.default\">\n\t\t\t\t<div class=\"elementor-widget-container\">\n\t\t\t\t\t<span class=\"elementor-heading-title elementor-size-default\">IV<\/span>\t\t\t\t<\/div>\n\t\t\t\t<\/div>\n\t\t\t\t<div class=\"elementor-element elementor-element-27b4356 elementor-widget-divider--view-line elementor-widget elementor-widget-divider\" data-id=\"27b4356\" data-element_type=\"widget\" data-widget_type=\"divider.default\">\n\t\t\t\t<div class=\"elementor-widget-container\">\n\t\t\t\t\t\t\t<div class=\"elementor-divider\">\n\t\t\t<span class=\"elementor-divider-separator\">\n\t\t\t\t\t\t<\/span>\n\t\t<\/div>\n\t\t\t\t\t\t<\/div>\n\t\t\t\t<\/div>\n\t\t\t\t<div class=\"elementor-element elementor-element-c4d5470 elementor-widget elementor-widget-heading\" data-id=\"c4d5470\" data-element_type=\"widget\" data-widget_type=\"heading.default\">\n\t\t\t\t<div class=\"elementor-widget-container\">\n\t\t\t\t\t<h3 class=\"elementor-heading-title elementor-size-default\">Servei post venda<\/h3>\t\t\t\t<\/div>\n\t\t\t\t<\/div>\n\t\t\t\t<div class=\"elementor-element elementor-element-ffbf29e elementor-widget elementor-widget-text-editor\" data-id=\"ffbf29e\" data-element_type=\"widget\" data-widget_type=\"text-editor.default\">\n\t\t\t\t<div class=\"elementor-widget-container\">\n\t\t\t\t\t\t\t\t\t<p>Un cop finalitzada tindr\u00e0s el servei post venda a la teva disposici\u00f3.<\/p>\t\t\t\t\t\t\t\t<\/div>\n\t\t\t\t<\/div>\n\t\t\t\t<\/div>\n\t\t\t\t<\/div>\n\t\t\t\t<\/div>\n\t\t<div class=\"elementor-element elementor-element-0d13dde e-con-full e-flex e-con e-parent\" data-id=\"0d13dde\" data-element_type=\"container\" data-settings=\"{&quot;background_background&quot;:&quot;classic&quot;}\">\n\t\t\t\t<div class=\"elementor-element elementor-element-cbcb826 elementor-widget elementor-widget-image-carousel\" data-id=\"cbcb826\" data-element_type=\"widget\" data-settings=\"{&quot;slides_to_show&quot;:&quot;4&quot;,&quot;slides_to_show_tablet&quot;:&quot;3&quot;,&quot;slides_to_show_mobile&quot;:&quot;2&quot;,&quot;navigation&quot;:&quot;none&quot;,&quot;lazyload&quot;:&quot;yes&quot;,&quot;autoplay&quot;:&quot;yes&quot;,&quot;pause_on_interaction&quot;:&quot;yes&quot;,&quot;autoplay_speed&quot;:5000,&quot;infinite&quot;:&quot;yes&quot;,&quot;speed&quot;:500,&quot;image_spacing_custom&quot;:{&quot;unit&quot;:&quot;px&quot;,&quot;size&quot;:20,&quot;sizes&quot;:[]},&quot;image_spacing_custom_tablet&quot;:{&quot;unit&quot;:&quot;px&quot;,&quot;size&quot;:&quot;&quot;,&quot;sizes&quot;:[]},&quot;image_spacing_custom_mobile&quot;:{&quot;unit&quot;:&quot;px&quot;,&quot;size&quot;:&quot;&quot;,&quot;sizes&quot;:[]}}\" data-widget_type=\"image-carousel.default\">\n\t\t\t\t<div class=\"elementor-widget-container\">\n\t\t\t\t\t\t\t<div class=\"elementor-image-carousel-wrapper swiper\" role=\"region\" aria-roledescription=\"carousel\" aria-label=\"Carrusel de im\u00e1genes\" dir=\"ltr\">\n\t\t\t<div class=\"elementor-image-carousel swiper-wrapper swiper-image-stretch\" aria-live=\"off\">\n\t\t\t\t\t\t\t\t<div class=\"swiper-slide\" role=\"group\" aria-roledescription=\"slide\" aria-label=\"1 de 4\"><figure class=\"swiper-slide-inner\"><img class=\"swiper-slide-image swiper-lazy\" data-src=\"https:\/\/parquet-gallery.fra1.digitaloceanspaces.com\/wp-content\/uploads\/2025\/03\/7_1x.webp\" alt=\"Distribuidor de parquet Mallorca\" \/><div class=\"swiper-lazy-preloader\"><\/div><\/figure><\/div><div class=\"swiper-slide\" role=\"group\" aria-roledescription=\"slide\" aria-label=\"2 de 4\"><figure class=\"swiper-slide-inner\"><img class=\"swiper-slide-image swiper-lazy\" data-src=\"https:\/\/parquet-gallery.fra1.digitaloceanspaces.com\/wp-content\/uploads\/2025\/03\/5_1x.webp\" alt=\"Distribuidor de parquet Mallorca\" \/><div class=\"swiper-lazy-preloader\"><\/div><\/figure><\/div><div class=\"swiper-slide\" role=\"group\" aria-roledescription=\"slide\" aria-label=\"3 de 4\"><figure class=\"swiper-slide-inner\"><img class=\"swiper-slide-image swiper-lazy\" data-src=\"https:\/\/parquet-gallery.fra1.digitaloceanspaces.com\/wp-content\/uploads\/2025\/03\/4_1x.webp\" alt=\"Distribuidor de parquet Mallorca\" \/><div class=\"swiper-lazy-preloader\"><\/div><\/figure><\/div><div class=\"swiper-slide\" role=\"group\" aria-roledescription=\"slide\" aria-label=\"4 de 4\"><figure class=\"swiper-slide-inner\"><img class=\"swiper-slide-image swiper-lazy\" data-src=\"https:\/\/parquet-gallery.fra1.digitaloceanspaces.com\/wp-content\/uploads\/2025\/03\/7_1x.webp\" alt=\"Distribuidor de parquet Mallorca\" \/><div class=\"swiper-lazy-preloader\"><\/div><\/figure><\/div>\t\t\t<\/div>\n\t\t\t\t\t\t\t\n\t\t\t\t\t\t\t\t\t<\/div>\n\t\t\t\t\t\t<\/div>\n\t\t\t\t<\/div>\n\t\t\t\t<div class=\"elementor-element elementor-element-2061399 elementor-widget elementor-widget-image-carousel\" data-id=\"2061399\" data-element_type=\"widget\" data-settings=\"{&quot;slides_to_show&quot;:&quot;3&quot;,&quot;slides_to_show_tablet&quot;:&quot;2&quot;,&quot;slides_to_show_mobile&quot;:&quot;1&quot;,&quot;navigation&quot;:&quot;none&quot;,&quot;lazyload&quot;:&quot;yes&quot;,&quot;autoplay_speed&quot;:7000,&quot;autoplay&quot;:&quot;yes&quot;,&quot;pause_on_interaction&quot;:&quot;yes&quot;,&quot;infinite&quot;:&quot;yes&quot;,&quot;speed&quot;:500,&quot;image_spacing_custom&quot;:{&quot;unit&quot;:&quot;px&quot;,&quot;size&quot;:20,&quot;sizes&quot;:[]},&quot;image_spacing_custom_tablet&quot;:{&quot;unit&quot;:&quot;px&quot;,&quot;size&quot;:&quot;&quot;,&quot;sizes&quot;:[]}}\" data-widget_type=\"image-carousel.default\">\n\t\t\t\t<div class=\"elementor-widget-container\">\n\t\t\t\t\t\t\t<div class=\"elementor-image-carousel-wrapper swiper\" role=\"region\" aria-roledescription=\"carousel\" aria-label=\"Carrusel de im\u00e1genes\" dir=\"ltr\">\n\t\t\t<div class=\"elementor-image-carousel swiper-wrapper swiper-image-stretch\" aria-live=\"off\">\n\t\t\t\t\t\t\t\t<div class=\"swiper-slide\" role=\"group\" aria-roledescription=\"slide\" aria-label=\"1 de 3\"><figure class=\"swiper-slide-inner\"><img class=\"swiper-slide-image swiper-lazy\" data-src=\"https:\/\/parquet-gallery.fra1.digitaloceanspaces.com\/wp-content\/uploads\/2025\/03\/10_1x.webp\" alt=\"Distribuidor de parquet Mallorca\" \/><div class=\"swiper-lazy-preloader\"><\/div><\/figure><\/div><div class=\"swiper-slide\" role=\"group\" aria-roledescription=\"slide\" aria-label=\"2 de 3\"><figure class=\"swiper-slide-inner\"><img class=\"swiper-slide-image swiper-lazy\" data-src=\"https:\/\/parquet-gallery.fra1.digitaloceanspaces.com\/wp-content\/uploads\/2025\/03\/11_1x.webp\" alt=\"Distribuidor de parquet Mallorca\" \/><div class=\"swiper-lazy-preloader\"><\/div><\/figure><\/div><div class=\"swiper-slide\" role=\"group\" aria-roledescription=\"slide\" aria-label=\"3 de 3\"><figure class=\"swiper-slide-inner\"><img class=\"swiper-slide-image swiper-lazy\" data-src=\"https:\/\/parquet-gallery.fra1.digitaloceanspaces.com\/wp-content\/uploads\/2025\/03\/10_1x.webp\" alt=\"Distribuidor de parquet Mallorca\" \/><div class=\"swiper-lazy-preloader\"><\/div><\/figure><\/div>\t\t\t<\/div>\n\t\t\t\t\t\t\t\n\t\t\t\t\t\t\t\t\t<\/div>\n\t\t\t\t\t\t<\/div>\n\t\t\t\t<\/div>\n\t\t\t\t<\/div>\n\t\t<div class=\"elementor-element elementor-element-d65b35e e-flex e-con-boxed e-con e-parent\" data-id=\"d65b35e\" data-element_type=\"container\" data-settings=\"{&quot;background_background&quot;:&quot;classic&quot;}\">\n\t\t\t\t\t<div class=\"e-con-inner\">\n\t\t<div class=\"elementor-element elementor-element-b128603 e-con-full e-flex e-con e-child\" data-id=\"b128603\" data-element_type=\"container\">\n\t\t\t\t<div class=\"elementor-element elementor-element-59705a2 elementor-widget elementor-widget-heading\" data-id=\"59705a2\" data-element_type=\"widget\" data-widget_type=\"heading.default\">\n\t\t\t\t<div class=\"elementor-widget-container\">\n\t\t\t\t\t<h2 class=\"elementor-heading-title elementor-size-default\">Cada pe\u00e7a de fusta explica una hist\u00f2ria, i nosaltres la fem realitat al teu espai<\/h2>\t\t\t\t<\/div>\n\t\t\t\t<\/div>\n\t\t\t\t<\/div>\n\t\t<div class=\"elementor-element elementor-element-56457c6 e-con-full e-flex e-con e-child\" data-id=\"56457c6\" data-element_type=\"container\">\n\t\t\t\t<div class=\"elementor-element elementor-element-14e4c6e elementor-widget elementor-widget-video\" data-id=\"14e4c6e\" data-element_type=\"widget\" data-settings=\"{&quot;video_type&quot;:&quot;hosted&quot;,&quot;autoplay&quot;:&quot;yes&quot;,&quot;play_on_mobile&quot;:&quot;yes&quot;,&quot;mute&quot;:&quot;yes&quot;,&quot;loop&quot;:&quot;yes&quot;}\" data-widget_type=\"video.default\">\n\t\t\t\t<div class=\"elementor-widget-container\">\n\t\t\t\t\t\t\t<div class=\"e-hosted-video elementor-wrapper elementor-open-inline\">\n\t\t\t\t\t<video class=\"elementor-video\" src=\"https:\/\/parquet-gallery.fra1.digitaloceanspaces.com\/wp-content\/uploads\/2025\/03\/madera.mp4\" autoplay=\"\" loop=\"\" muted=\"muted\" playsinline=\"\" controlsList=\"nodownload\"><\/video>\n\t\t\t\t<\/div>\n\t\t\t\t\t\t<\/div>\n\t\t\t\t<\/div>\n\t\t\t\t<\/div>\n\t\t\t\t\t<\/div>\n\t\t\t\t<\/div>\n\t\t<div class=\"elementor-element elementor-element-e766aae e-flex e-con-boxed e-con e-parent\" data-id=\"e766aae\" data-element_type=\"container\" data-settings=\"{&quot;background_background&quot;:&quot;classic&quot;}\">\n\t\t\t\t\t<div class=\"e-con-inner\">\n\t\t\t\t<div class=\"elementor-element elementor-element-97ec255 elementor-widget elementor-widget-heading\" data-id=\"97ec255\" data-element_type=\"widget\" data-widget_type=\"heading.default\">\n\t\t\t\t<div class=\"elementor-widget-container\">\n\t\t\t\t\t<h2 class=\"elementor-heading-title elementor-size-default\">Revestiments interiors<\/h2>\t\t\t\t<\/div>\n\t\t\t\t<\/div>\n\t\t\t\t<div class=\"elementor-element elementor-element-af18ac7 elementor-widget elementor-widget-text-editor\" data-id=\"af18ac7\" data-element_type=\"widget\" data-widget_type=\"text-editor.default\">\n\t\t\t\t<div class=\"elementor-widget-container\">\n\t\t\t\t\t\t\t\t\t<p>Materials que defineixen el teu estil i perduren en el temps amb capacitat d&#8217;adaptaci\u00f3.<\/p>\t\t\t\t\t\t\t\t<\/div>\n\t\t\t\t<\/div>\n\t\t<div class=\"elementor-element elementor-element-d813bfb e-con-full e-flex e-con e-child\" data-id=\"d813bfb\" data-element_type=\"container\">\n\t\t<div class=\"elementor-element elementor-element-6b2d211 e-con-full e-flex e-con e-child\" data-id=\"6b2d211\" data-element_type=\"container\">\n\t\t\t\t<div class=\"elementor-element elementor-element-c35aa8a elementor-widget elementor-widget-image\" data-id=\"c35aa8a\" data-element_type=\"widget\" data-widget_type=\"image.default\">\n\t\t\t\t<div class=\"elementor-widget-container\">\n\t\t\t\t\t\t\t\t\t\t\t\t\t\t\t<img decoding=\"async\" width=\"334\" height=\"301\" src=\"https:\/\/parquet-gallery.fra1.digitaloceanspaces.com\/wp-content\/uploads\/2025\/03\/14_1x.webp\" class=\"attachment-large size-large wp-image-278\" alt=\"Distribuidor de parquet Mallorca\" srcset=\"https:\/\/parquet-gallery.fra1.digitaloceanspaces.com\/wp-content\/uploads\/2025\/03\/14_1x.webp 334w, https:\/\/parquet-gallery.fra1.digitaloceanspaces.com\/wp-content\/uploads\/2025\/03\/14_1x-300x270.webp 300w\" sizes=\"(max-width: 334px) 100vw, 334px\" \/>\t\t\t\t\t\t\t\t\t\t\t\t\t\t\t<\/div>\n\t\t\t\t<\/div>\n\t\t\t\t<\/div>\n\t\t<div class=\"elementor-element elementor-element-bd3dfc8 e-con-full e-flex e-con e-child\" data-id=\"bd3dfc8\" data-element_type=\"container\">\n\t\t\t\t<div class=\"elementor-element elementor-element-469a537 elementor-widget elementor-widget-image\" data-id=\"469a537\" data-element_type=\"widget\" data-widget_type=\"image.default\">\n\t\t\t\t<div class=\"elementor-widget-container\">\n\t\t\t\t\t\t\t\t\t\t\t\t\t\t\t<img loading=\"lazy\" decoding=\"async\" width=\"334\" height=\"301\" src=\"https:\/\/parquet-gallery.fra1.digitaloceanspaces.com\/wp-content\/uploads\/2025\/03\/15_1x.webp\" class=\"attachment-large size-large wp-image-279\" alt=\"Parquet Mallorca\" srcset=\"https:\/\/parquet-gallery.fra1.digitaloceanspaces.com\/wp-content\/uploads\/2025\/03\/15_1x.webp 334w, https:\/\/parquet-gallery.fra1.digitaloceanspaces.com\/wp-content\/uploads\/2025\/03\/15_1x-300x270.webp 300w\" sizes=\"(max-width: 334px) 100vw, 334px\" \/>\t\t\t\t\t\t\t\t\t\t\t\t\t\t\t<\/div>\n\t\t\t\t<\/div>\n\t\t\t\t<\/div>\n\t\t<div class=\"elementor-element elementor-element-130cef2 e-con-full e-flex e-con e-child\" data-id=\"130cef2\" data-element_type=\"container\">\n\t\t\t\t<div class=\"elementor-element elementor-element-b81023d elementor-widget elementor-widget-image\" data-id=\"b81023d\" data-element_type=\"widget\" data-widget_type=\"image.default\">\n\t\t\t\t<div class=\"elementor-widget-container\">\n\t\t\t\t\t\t\t\t\t\t\t\t\t\t\t<img loading=\"lazy\" decoding=\"async\" width=\"334\" height=\"301\" src=\"https:\/\/parquet-gallery.fra1.digitaloceanspaces.com\/wp-content\/uploads\/2025\/03\/16_1x.webp\" class=\"attachment-large size-large wp-image-280\" alt=\"Suelos de madera Mallorca\" srcset=\"https:\/\/parquet-gallery.fra1.digitaloceanspaces.com\/wp-content\/uploads\/2025\/03\/16_1x.webp 334w, https:\/\/parquet-gallery.fra1.digitaloceanspaces.com\/wp-content\/uploads\/2025\/03\/16_1x-300x270.webp 300w\" sizes=\"(max-width: 334px) 100vw, 334px\" \/>\t\t\t\t\t\t\t\t\t\t\t\t\t\t\t<\/div>\n\t\t\t\t<\/div>\n\t\t\t\t<\/div>\n\t\t\t\t<\/div>\n\t\t<div class=\"elementor-element elementor-element-500313e e-con-full e-flex e-con e-child\" data-id=\"500313e\" data-element_type=\"container\">\n\t\t<div class=\"elementor-element elementor-element-36f37dc e-con-full e-flex e-con e-child\" data-id=\"36f37dc\" data-element_type=\"container\">\n\t\t\t\t<div class=\"elementor-element elementor-element-993da9f elementor-widget elementor-widget-image\" data-id=\"993da9f\" data-element_type=\"widget\" data-widget_type=\"image.default\">\n\t\t\t\t<div class=\"elementor-widget-container\">\n\t\t\t\t\t\t\t\t\t\t\t\t\t\t\t<img loading=\"lazy\" decoding=\"async\" width=\"334\" height=\"301\" src=\"https:\/\/parquet-gallery.fra1.digitaloceanspaces.com\/wp-content\/uploads\/2025\/03\/17_1x.webp\" class=\"attachment-large size-large wp-image-283\" alt=\"Distribuidor de parquet Mallorca\" srcset=\"https:\/\/parquet-gallery.fra1.digitaloceanspaces.com\/wp-content\/uploads\/2025\/03\/17_1x.webp 334w, https:\/\/parquet-gallery.fra1.digitaloceanspaces.com\/wp-content\/uploads\/2025\/03\/17_1x-300x270.webp 300w\" sizes=\"(max-width: 334px) 100vw, 334px\" \/>\t\t\t\t\t\t\t\t\t\t\t\t\t\t\t<\/div>\n\t\t\t\t<\/div>\n\t\t\t\t<\/div>\n\t\t<div class=\"elementor-element elementor-element-bf56b62 e-con-full e-flex e-con e-child\" data-id=\"bf56b62\" data-element_type=\"container\">\n\t\t\t\t<div class=\"elementor-element elementor-element-06e9ea4 elementor-widget elementor-widget-image\" data-id=\"06e9ea4\" data-element_type=\"widget\" data-widget_type=\"image.default\">\n\t\t\t\t<div class=\"elementor-widget-container\">\n\t\t\t\t\t\t\t\t\t\t\t\t\t\t\t<img loading=\"lazy\" decoding=\"async\" width=\"334\" height=\"301\" src=\"https:\/\/parquet-gallery.fra1.digitaloceanspaces.com\/wp-content\/uploads\/2025\/03\/18_1x.webp\" class=\"attachment-large size-large wp-image-281\" alt=\"Instalaci\u00f3n de parquet Mallorca\" srcset=\"https:\/\/parquet-gallery.fra1.digitaloceanspaces.com\/wp-content\/uploads\/2025\/03\/18_1x.webp 334w, https:\/\/parquet-gallery.fra1.digitaloceanspaces.com\/wp-content\/uploads\/2025\/03\/18_1x-300x270.webp 300w\" sizes=\"(max-width: 334px) 100vw, 334px\" \/>\t\t\t\t\t\t\t\t\t\t\t\t\t\t\t<\/div>\n\t\t\t\t<\/div>\n\t\t\t\t<\/div>\n\t\t<div class=\"elementor-element elementor-element-2d48c12 e-con-full e-flex e-con e-child\" data-id=\"2d48c12\" data-element_type=\"container\">\n\t\t\t\t<div class=\"elementor-element elementor-element-8d466d4 elementor-widget elementor-widget-image\" data-id=\"8d466d4\" data-element_type=\"widget\" data-widget_type=\"image.default\">\n\t\t\t\t<div class=\"elementor-widget-container\">\n\t\t\t\t\t\t\t\t\t\t\t\t\t\t\t<img loading=\"lazy\" decoding=\"async\" width=\"334\" height=\"301\" src=\"https:\/\/parquet-gallery.fra1.digitaloceanspaces.com\/wp-content\/uploads\/2025\/03\/19_1x.webp\" class=\"attachment-large size-large wp-image-282\" alt=\"Parquet Mallorca\" srcset=\"https:\/\/parquet-gallery.fra1.digitaloceanspaces.com\/wp-content\/uploads\/2025\/03\/19_1x.webp 334w, https:\/\/parquet-gallery.fra1.digitaloceanspaces.com\/wp-content\/uploads\/2025\/03\/19_1x-300x270.webp 300w\" sizes=\"(max-width: 334px) 100vw, 334px\" \/>\t\t\t\t\t\t\t\t\t\t\t\t\t\t\t<\/div>\n\t\t\t\t<\/div>\n\t\t\t\t<\/div>\n\t\t\t\t<\/div>\n\t\t\t\t<div class=\"elementor-element elementor-element-20652d2 elementor-widget elementor-widget-heading\" data-id=\"20652d2\" data-element_type=\"widget\" data-widget_type=\"heading.default\">\n\t\t\t\t<div class=\"elementor-widget-container\">\n\t\t\t\t\t<h2 class=\"elementor-heading-title elementor-size-default\">Materials exterior<\/h2>\t\t\t\t<\/div>\n\t\t\t\t<\/div>\n\t\t\t\t<div class=\"elementor-element elementor-element-8b05e59 elementor-widget elementor-widget-text-editor\" data-id=\"8b05e59\" data-element_type=\"widget\" data-widget_type=\"text-editor.default\">\n\t\t\t\t<div class=\"elementor-widget-container\">\n\t\t\t\t\t\t\t\t\t<p>La gran varietat de tarimes per a exterior i p\u00e8rgoles permet adaptar els espais sense obres aportant el m\u00e0xim \u00fas per als millors instants.<\/p>\t\t\t\t\t\t\t\t<\/div>\n\t\t\t\t<\/div>\n\t\t<div class=\"elementor-element elementor-element-002497d e-con-full e-flex e-con e-child\" data-id=\"002497d\" data-element_type=\"container\">\n\t\t<div class=\"elementor-element elementor-element-38bd94b e-con-full e-flex e-con e-child\" data-id=\"38bd94b\" data-element_type=\"container\">\n\t\t\t\t<div class=\"elementor-element elementor-element-668798b elementor-widget elementor-widget-image\" data-id=\"668798b\" data-element_type=\"widget\" data-widget_type=\"image.default\">\n\t\t\t\t<div class=\"elementor-widget-container\">\n\t\t\t\t\t\t\t\t\t\t\t\t\t\t\t<img loading=\"lazy\" decoding=\"async\" width=\"334\" height=\"301\" src=\"https:\/\/parquet-gallery.fra1.digitaloceanspaces.com\/wp-content\/uploads\/2025\/03\/20_1x.webp\" class=\"attachment-large size-large wp-image-284\" alt=\"Parquet Mallorca\" srcset=\"https:\/\/parquet-gallery.fra1.digitaloceanspaces.com\/wp-content\/uploads\/2025\/03\/20_1x.webp 334w, https:\/\/parquet-gallery.fra1.digitaloceanspaces.com\/wp-content\/uploads\/2025\/03\/20_1x-300x270.webp 300w\" sizes=\"(max-width: 334px) 100vw, 334px\" \/>\t\t\t\t\t\t\t\t\t\t\t\t\t\t\t<\/div>\n\t\t\t\t<\/div>\n\t\t\t\t<\/div>\n\t\t<div class=\"elementor-element elementor-element-d0aa551 e-con-full e-flex e-con e-child\" data-id=\"d0aa551\" data-element_type=\"container\">\n\t\t\t\t<div class=\"elementor-element elementor-element-18ff8d5 elementor-widget elementor-widget-image\" data-id=\"18ff8d5\" data-element_type=\"widget\" data-widget_type=\"image.default\">\n\t\t\t\t<div class=\"elementor-widget-container\">\n\t\t\t\t\t\t\t\t\t\t\t\t\t\t\t<img loading=\"lazy\" decoding=\"async\" width=\"334\" height=\"301\" src=\"https:\/\/parquet-gallery.fra1.digitaloceanspaces.com\/wp-content\/uploads\/2025\/03\/21_1x.webp\" class=\"attachment-large size-large wp-image-285\" alt=\"Suelos de madera Mallorca\" srcset=\"https:\/\/parquet-gallery.fra1.digitaloceanspaces.com\/wp-content\/uploads\/2025\/03\/21_1x.webp 334w, https:\/\/parquet-gallery.fra1.digitaloceanspaces.com\/wp-content\/uploads\/2025\/03\/21_1x-300x270.webp 300w\" sizes=\"(max-width: 334px) 100vw, 334px\" \/>\t\t\t\t\t\t\t\t\t\t\t\t\t\t\t<\/div>\n\t\t\t\t<\/div>\n\t\t\t\t<\/div>\n\t\t<div class=\"elementor-element elementor-element-43fd3b1 e-con-full e-flex e-con e-child\" data-id=\"43fd3b1\" data-element_type=\"container\">\n\t\t\t\t<div class=\"elementor-element elementor-element-3d9116c elementor-widget elementor-widget-image\" data-id=\"3d9116c\" data-element_type=\"widget\" data-widget_type=\"image.default\">\n\t\t\t\t<div class=\"elementor-widget-container\">\n\t\t\t\t\t\t\t\t\t\t\t\t\t\t\t<img loading=\"lazy\" decoding=\"async\" width=\"334\" height=\"301\" src=\"https:\/\/parquet-gallery.fra1.digitaloceanspaces.com\/wp-content\/uploads\/2025\/03\/22_1x.webp\" class=\"attachment-large size-large wp-image-286\" alt=\"Distribuidor de parquet Mallorca\" srcset=\"https:\/\/parquet-gallery.fra1.digitaloceanspaces.com\/wp-content\/uploads\/2025\/03\/22_1x.webp 334w, https:\/\/parquet-gallery.fra1.digitaloceanspaces.com\/wp-content\/uploads\/2025\/03\/22_1x-300x270.webp 300w\" sizes=\"(max-width: 334px) 100vw, 334px\" \/>\t\t\t\t\t\t\t\t\t\t\t\t\t\t\t<\/div>\n\t\t\t\t<\/div>\n\t\t\t\t<\/div>\n\t\t\t\t<\/div>\n\t\t<div class=\"elementor-element elementor-element-cf065c5 e-con-full e-flex e-con e-child\" data-id=\"cf065c5\" data-element_type=\"container\">\n\t\t<div class=\"elementor-element elementor-element-131b438 e-con-full e-flex e-con e-child\" data-id=\"131b438\" data-element_type=\"container\">\n\t\t\t\t<div class=\"elementor-element elementor-element-cd1be22 elementor-widget elementor-widget-image\" data-id=\"cd1be22\" data-element_type=\"widget\" data-widget_type=\"image.default\">\n\t\t\t\t<div class=\"elementor-widget-container\">\n\t\t\t\t\t\t\t\t\t\t\t\t\t\t\t<img loading=\"lazy\" decoding=\"async\" width=\"334\" height=\"301\" src=\"https:\/\/parquet-gallery.fra1.digitaloceanspaces.com\/wp-content\/uploads\/2025\/03\/23_1x.webp\" class=\"attachment-large size-large wp-image-287\" alt=\"Instalaci\u00f3n de parquet Mallorca\" srcset=\"https:\/\/parquet-gallery.fra1.digitaloceanspaces.com\/wp-content\/uploads\/2025\/03\/23_1x.webp 334w, https:\/\/parquet-gallery.fra1.digitaloceanspaces.com\/wp-content\/uploads\/2025\/03\/23_1x-300x270.webp 300w\" sizes=\"(max-width: 334px) 100vw, 334px\" \/>\t\t\t\t\t\t\t\t\t\t\t\t\t\t\t<\/div>\n\t\t\t\t<\/div>\n\t\t\t\t<\/div>\n\t\t<div class=\"elementor-element elementor-element-20318df e-con-full e-flex e-con e-child\" data-id=\"20318df\" data-element_type=\"container\">\n\t\t\t\t<div class=\"elementor-element elementor-element-b20f28b elementor-widget elementor-widget-image\" data-id=\"b20f28b\" data-element_type=\"widget\" data-widget_type=\"image.default\">\n\t\t\t\t<div class=\"elementor-widget-container\">\n\t\t\t\t\t\t\t\t\t\t\t\t\t\t\t<img loading=\"lazy\" decoding=\"async\" width=\"334\" height=\"301\" src=\"https:\/\/parquet-gallery.fra1.digitaloceanspaces.com\/wp-content\/uploads\/2025\/03\/24_1x.webp\" class=\"attachment-large size-large wp-image-288\" alt=\"Parquet Mallorca\" srcset=\"https:\/\/parquet-gallery.fra1.digitaloceanspaces.com\/wp-content\/uploads\/2025\/03\/24_1x.webp 334w, https:\/\/parquet-gallery.fra1.digitaloceanspaces.com\/wp-content\/uploads\/2025\/03\/24_1x-300x270.webp 300w\" sizes=\"(max-width: 334px) 100vw, 334px\" \/>\t\t\t\t\t\t\t\t\t\t\t\t\t\t\t<\/div>\n\t\t\t\t<\/div>\n\t\t\t\t<\/div>\n\t\t<div class=\"elementor-element elementor-element-5441a78 e-con-full e-flex e-con e-child\" data-id=\"5441a78\" data-element_type=\"container\">\n\t\t\t\t<div class=\"elementor-element elementor-element-85bcb2c elementor-widget elementor-widget-image\" data-id=\"85bcb2c\" data-element_type=\"widget\" data-widget_type=\"image.default\">\n\t\t\t\t<div class=\"elementor-widget-container\">\n\t\t\t\t\t\t\t\t\t\t\t\t\t\t\t<img loading=\"lazy\" decoding=\"async\" width=\"334\" height=\"301\" src=\"https:\/\/parquet-gallery.fra1.digitaloceanspaces.com\/wp-content\/uploads\/2025\/03\/25_1x.webp\" class=\"attachment-large size-large wp-image-289\" alt=\"Suelos de madera Mallorca\" srcset=\"https:\/\/parquet-gallery.fra1.digitaloceanspaces.com\/wp-content\/uploads\/2025\/03\/25_1x.webp 334w, https:\/\/parquet-gallery.fra1.digitaloceanspaces.com\/wp-content\/uploads\/2025\/03\/25_1x-300x270.webp 300w\" sizes=\"(max-width: 334px) 100vw, 334px\" \/>\t\t\t\t\t\t\t\t\t\t\t\t\t\t\t<\/div>\n\t\t\t\t<\/div>\n\t\t\t\t<\/div>\n\t\t\t\t<\/div>\n\t\t\t\t\t<\/div>\n\t\t\t\t<\/div>\n\t\t<div class=\"elementor-element elementor-element-56248b4 e-flex e-con-boxed e-con e-parent\" data-id=\"56248b4\" data-element_type=\"container\" data-settings=\"{&quot;background_background&quot;:&quot;video&quot;,&quot;background_video_link&quot;:&quot;https:\\\/\\\/parquet-gallery.fra1.digitaloceanspaces.com\\\/wp-content\\\/uploads\\\/2025\\\/03\\\/6827958_Interior%20Living%20Space_Luxury%20Home_1920x1080.mp4&quot;,&quot;background_play_on_mobile&quot;:&quot;yes&quot;,&quot;background_privacy_mode&quot;:&quot;yes&quot;}\">\n\t\t\t\t\t<div class=\"e-con-inner\">\n\t\t<div class=\"elementor-background-video-container\">\n\t\t\t\t\t\t\t<video class=\"elementor-background-video-hosted\" autoplay muted playsinline loop><\/video>\n\t\t\t\t\t<\/div>\t\t<div class=\"elementor-element elementor-element-322214c elementor-widget elementor-widget-heading\" data-id=\"322214c\" data-element_type=\"widget\" data-widget_type=\"heading.default\">\n\t\t\t\t<div class=\"elementor-widget-container\">\n\t\t\t\t\t<h2 class=\"elementor-heading-title elementor-size-default\">Trieu ParquetGallery<\/h2>\t\t\t\t<\/div>\n\t\t\t\t<\/div>\n\t\t\t\t<div class=\"elementor-element elementor-element-0a0d384 elementor-widget elementor-widget-heading\" data-id=\"0a0d384\" data-element_type=\"widget\" data-widget_type=\"heading.default\">\n\t\t\t\t<div class=\"elementor-widget-container\">\n\t\t\t\t\t<h2 class=\"elementor-heading-title elementor-size-default\">Innovaci\u00f3 i tend\u00e8ncies<\/h2>\t\t\t\t<\/div>\n\t\t\t\t<\/div>\n\t\t\t\t<div class=\"elementor-element elementor-element-ef91d4b elementor-widget elementor-widget-button\" data-id=\"ef91d4b\" data-element_type=\"widget\" data-widget_type=\"button.default\">\n\t\t\t\t<div class=\"elementor-widget-container\">\n\t\t\t\t\t\t\t\t\t<div class=\"elementor-button-wrapper\">\n\t\t\t\t\t<a class=\"elementor-button elementor-button-link elementor-size-sm\" href=\"https:\/\/parquetgallery.com\/ca\/els-nostres-productes\/\">\n\t\t\t\t\t\t<span class=\"elementor-button-content-wrapper\">\n\t\t\t\t\t\t\t\t\t<span class=\"elementor-button-text\">VEURE ELS NOSTRES PRODUCTES<\/span>\n\t\t\t\t\t<\/span>\n\t\t\t\t\t<\/a>\n\t\t\t\t<\/div>\n\t\t\t\t\t\t\t\t<\/div>\n\t\t\t\t<\/div>\n\t\t\t\t\t<\/div>\n\t\t\t\t<\/div>\n\t\t\t\t<\/div>\n\t\t","protected":false},"excerpt":{"rendered":"<p>ParquetGallery som una empresa especialitzada en instal\u00b7lacions de paviments naturals i revestiments El valor hum\u00e0 \u00e9s el nostre major diferencial i els m\u00e9s de 25 anys d&#8217;experi\u00e8ncia a les nostres esquenes. Treballem amb empreses nacionals i internacionals amb la finalitat de posar a la vostra disposici\u00f3 els millors materials i les darreres tend\u00e8ncies que complementen [&hellip;]<\/p>\n","protected":false},"author":1,"featured_media":0,"parent":0,"menu_order":0,"comment_status":"closed","ping_status":"closed","template":"","meta":{"footnotes":""},"class_list":["post-700","page","type-page","status-publish","hentry"],"yoast_head":"<!-- This site is optimized with the Yoast SEO plugin v24.8.1 - https:\/\/yoast.com\/wordpress\/plugins\/seo\/ -->\n<title>Parquet Gallery | S\u00f2ls de fusta, pedra natural i solucions artesanals<\/title>\n<meta name=\"description\" content=\"Descobreix Parquet Gallery: experts en terres de fusta, pedra natural i solucions artesanals. M\u00e9s de 25 anys d&#039;experi\u00e8ncia, comprom\u00eds i passi\u00f3 a cada projecte.\" \/>\n<meta name=\"robots\" content=\"index, follow, max-snippet:-1, max-image-preview:large, max-video-preview:-1\" \/>\n<link rel=\"canonical\" href=\"https:\/\/parquetgallery.com\/ca\/\" \/>\n<meta property=\"og:locale\" content=\"ca_ES\" \/>\n<meta property=\"og:type\" content=\"article\" \/>\n<meta property=\"og:title\" content=\"Parquet Gallery | S\u00f2ls de fusta, pedra natural i solucions artesanals\" \/>\n<meta property=\"og:description\" content=\"Descobreix Parquet Gallery: experts en terres de fusta, pedra natural i solucions artesanals. M\u00e9s de 25 anys d&#039;experi\u00e8ncia, comprom\u00eds i passi\u00f3 a cada projecte.\" \/>\n<meta property=\"og:url\" content=\"https:\/\/parquetgallery.com\/ca\/\" \/>\n<meta property=\"og:site_name\" content=\"Parquet Gallery\" \/>\n<meta property=\"article:modified_time\" content=\"2025-04-04T09:00:28+00:00\" \/>\n<meta property=\"og:image\" content=\"https:\/\/parquetgallery.com\/wp-content\/uploads\/2025\/03\/banner-naturales-e1742895679848.webp\" \/>\n<meta name=\"twitter:card\" content=\"summary_large_image\" \/>\n<meta name=\"twitter:label1\" content=\"Temps estimat de lectura\" \/>\n\t<meta name=\"twitter:data1\" content=\"1 minut\" \/>\n<script type=\"application\/ld+json\" class=\"yoast-schema-graph\">{\"@context\":\"https:\/\/schema.org\",\"@graph\":[{\"@type\":\"WebPage\",\"@id\":\"https:\/\/parquetgallery.com\/ca\/\",\"url\":\"https:\/\/parquetgallery.com\/ca\/\",\"name\":\"Parquet Gallery | S\u00f2ls de fusta, pedra natural i solucions artesanals\",\"isPartOf\":{\"@id\":\"https:\/\/parquetgallery.com\/ca\/#website\"},\"primaryImageOfPage\":{\"@id\":\"https:\/\/parquetgallery.com\/ca\/#primaryimage\"},\"image\":{\"@id\":\"https:\/\/parquetgallery.com\/ca\/#primaryimage\"},\"thumbnailUrl\":\"https:\/\/parquetgallery.com\/wp-content\/uploads\/2025\/03\/banner-naturales-e1742895679848.webp\",\"datePublished\":\"2025-03-18T13:40:05+00:00\",\"dateModified\":\"2025-04-04T09:00:28+00:00\",\"description\":\"Descobreix Parquet Gallery: experts en terres de fusta, pedra natural i solucions artesanals. M\u00e9s de 25 anys d'experi\u00e8ncia, comprom\u00eds i passi\u00f3 a cada projecte.\",\"breadcrumb\":{\"@id\":\"https:\/\/parquetgallery.com\/ca\/#breadcrumb\"},\"inLanguage\":\"ca\",\"potentialAction\":[{\"@type\":\"ReadAction\",\"target\":[\"https:\/\/parquetgallery.com\/ca\/\"]}]},{\"@type\":\"ImageObject\",\"inLanguage\":\"ca\",\"@id\":\"https:\/\/parquetgallery.com\/ca\/#primaryimage\",\"url\":\"https:\/\/parquetgallery.com\/wp-content\/uploads\/2025\/03\/banner-naturales-e1742895679848.webp\",\"contentUrl\":\"https:\/\/parquetgallery.com\/wp-content\/uploads\/2025\/03\/banner-naturales-e1742895679848.webp\"},{\"@type\":\"BreadcrumbList\",\"@id\":\"https:\/\/parquetgallery.com\/ca\/#breadcrumb\",\"itemListElement\":[{\"@type\":\"ListItem\",\"position\":1,\"name\":\"Portada\",\"item\":\"https:\/\/parquetgallery.com\/ca\/\"},{\"@type\":\"ListItem\",\"position\":2,\"name\":\"Inici\"}]},{\"@type\":\"WebSite\",\"@id\":\"https:\/\/parquetgallery.com\/ca\/#website\",\"url\":\"https:\/\/parquetgallery.com\/ca\/\",\"name\":\"Parquet Gallery\",\"description\":\"\",\"publisher\":{\"@id\":\"https:\/\/parquetgallery.com\/ca\/#organization\"},\"potentialAction\":[{\"@type\":\"SearchAction\",\"target\":{\"@type\":\"EntryPoint\",\"urlTemplate\":\"https:\/\/parquetgallery.com\/ca\/?s={search_term_string}\"},\"query-input\":{\"@type\":\"PropertyValueSpecification\",\"valueRequired\":true,\"valueName\":\"search_term_string\"}}],\"inLanguage\":\"ca\"},{\"@type\":\"Organization\",\"@id\":\"https:\/\/parquetgallery.com\/ca\/#organization\",\"name\":\"Parquet Gallery\",\"url\":\"https:\/\/parquetgallery.com\/ca\/\",\"logo\":{\"@type\":\"ImageObject\",\"inLanguage\":\"ca\",\"@id\":\"https:\/\/parquetgallery.com\/ca\/#\/schema\/logo\/image\/\",\"url\":\"https:\/\/parquetgallery.com\/wp-content\/uploads\/2025\/03\/logo.svg\",\"contentUrl\":\"https:\/\/parquetgallery.com\/wp-content\/uploads\/2025\/03\/logo.svg\",\"width\":177,\"height\":66,\"caption\":\"Parquet Gallery\"},\"image\":{\"@id\":\"https:\/\/parquetgallery.com\/ca\/#\/schema\/logo\/image\/\"}}]}<\/script>\n<!-- \/ Yoast SEO plugin. -->","yoast_head_json":{"title":"Parquet Gallery | S\u00f2ls de fusta, pedra natural i solucions artesanals","description":"Descobreix Parquet Gallery: experts en terres de fusta, pedra natural i solucions artesanals. M\u00e9s de 25 anys d'experi\u00e8ncia, comprom\u00eds i passi\u00f3 a cada projecte.","robots":{"index":"index","follow":"follow","max-snippet":"max-snippet:-1","max-image-preview":"max-image-preview:large","max-video-preview":"max-video-preview:-1"},"canonical":"https:\/\/parquetgallery.com\/ca\/","og_locale":"ca_ES","og_type":"article","og_title":"Parquet Gallery | S\u00f2ls de fusta, pedra natural i solucions artesanals","og_description":"Descobreix Parquet Gallery: experts en terres de fusta, pedra natural i solucions artesanals. M\u00e9s de 25 anys d'experi\u00e8ncia, comprom\u00eds i passi\u00f3 a cada projecte.","og_url":"https:\/\/parquetgallery.com\/ca\/","og_site_name":"Parquet Gallery","article_modified_time":"2025-04-04T09:00:28+00:00","og_image":[{"url":"https:\/\/parquetgallery.com\/wp-content\/uploads\/2025\/03\/banner-naturales-e1742895679848.webp","type":"","width":"","height":""}],"twitter_card":"summary_large_image","twitter_misc":{"Temps estimat de lectura":"1 minut"},"schema":{"@context":"https:\/\/schema.org","@graph":[{"@type":"WebPage","@id":"https:\/\/parquetgallery.com\/ca\/","url":"https:\/\/parquetgallery.com\/ca\/","name":"Parquet Gallery | S\u00f2ls de fusta, pedra natural i solucions artesanals","isPartOf":{"@id":"https:\/\/parquetgallery.com\/ca\/#website"},"primaryImageOfPage":{"@id":"https:\/\/parquetgallery.com\/ca\/#primaryimage"},"image":{"@id":"https:\/\/parquetgallery.com\/ca\/#primaryimage"},"thumbnailUrl":"https:\/\/parquetgallery.com\/wp-content\/uploads\/2025\/03\/banner-naturales-e1742895679848.webp","datePublished":"2025-03-18T13:40:05+00:00","dateModified":"2025-04-04T09:00:28+00:00","description":"Descobreix Parquet Gallery: experts en terres de fusta, pedra natural i solucions artesanals. M\u00e9s de 25 anys d'experi\u00e8ncia, comprom\u00eds i passi\u00f3 a cada projecte.","breadcrumb":{"@id":"https:\/\/parquetgallery.com\/ca\/#breadcrumb"},"inLanguage":"ca","potentialAction":[{"@type":"ReadAction","target":["https:\/\/parquetgallery.com\/ca\/"]}]},{"@type":"ImageObject","inLanguage":"ca","@id":"https:\/\/parquetgallery.com\/ca\/#primaryimage","url":"https:\/\/parquetgallery.com\/wp-content\/uploads\/2025\/03\/banner-naturales-e1742895679848.webp","contentUrl":"https:\/\/parquetgallery.com\/wp-content\/uploads\/2025\/03\/banner-naturales-e1742895679848.webp"},{"@type":"BreadcrumbList","@id":"https:\/\/parquetgallery.com\/ca\/#breadcrumb","itemListElement":[{"@type":"ListItem","position":1,"name":"Portada","item":"https:\/\/parquetgallery.com\/ca\/"},{"@type":"ListItem","position":2,"name":"Inici"}]},{"@type":"WebSite","@id":"https:\/\/parquetgallery.com\/ca\/#website","url":"https:\/\/parquetgallery.com\/ca\/","name":"Parquet Gallery","description":"","publisher":{"@id":"https:\/\/parquetgallery.com\/ca\/#organization"},"potentialAction":[{"@type":"SearchAction","target":{"@type":"EntryPoint","urlTemplate":"https:\/\/parquetgallery.com\/ca\/?s={search_term_string}"},"query-input":{"@type":"PropertyValueSpecification","valueRequired":true,"valueName":"search_term_string"}}],"inLanguage":"ca"},{"@type":"Organization","@id":"https:\/\/parquetgallery.com\/ca\/#organization","name":"Parquet Gallery","url":"https:\/\/parquetgallery.com\/ca\/","logo":{"@type":"ImageObject","inLanguage":"ca","@id":"https:\/\/parquetgallery.com\/ca\/#\/schema\/logo\/image\/","url":"https:\/\/parquetgallery.com\/wp-content\/uploads\/2025\/03\/logo.svg","contentUrl":"https:\/\/parquetgallery.com\/wp-content\/uploads\/2025\/03\/logo.svg","width":177,"height":66,"caption":"Parquet Gallery"},"image":{"@id":"https:\/\/parquetgallery.com\/ca\/#\/schema\/logo\/image\/"}}]}},"_links":{"self":[{"href":"https:\/\/parquetgallery.com\/ca\/wp-json\/wp\/v2\/pages\/700","targetHints":{"allow":["GET"]}}],"collection":[{"href":"https:\/\/parquetgallery.com\/ca\/wp-json\/wp\/v2\/pages"}],"about":[{"href":"https:\/\/parquetgallery.com\/ca\/wp-json\/wp\/v2\/types\/page"}],"author":[{"embeddable":true,"href":"https:\/\/parquetgallery.com\/ca\/wp-json\/wp\/v2\/users\/1"}],"replies":[{"embeddable":true,"href":"https:\/\/parquetgallery.com\/ca\/wp-json\/wp\/v2\/comments?post=700"}],"version-history":[{"count":6,"href":"https:\/\/parquetgallery.com\/ca\/wp-json\/wp\/v2\/pages\/700\/revisions"}],"predecessor-version":[{"id":811,"href":"https:\/\/parquetgallery.com\/ca\/wp-json\/wp\/v2\/pages\/700\/revisions\/811"}],"wp:attachment":[{"href":"https:\/\/parquetgallery.com\/ca\/wp-json\/wp\/v2\/media?parent=700"}],"curies":[{"name":"wp","href":"https:\/\/api.w.org\/{rel}","templated":true}]}}